{"id":1329,"date":"2021-04-22T12:05:46","date_gmt":"2021-04-22T15:05:46","guid":{"rendered":"http:\/\/cvmarj.org.br\/site\/?page_id=1329"},"modified":"2021-05-19T16:03:10","modified_gmt":"2021-05-19T19:03:10","slug":"papo-de-oficina","status":"publish","type":"page","link":"https:\/\/cvmarj.org.br\/site\/index.php\/papo-de-oficina\/","title":{"rendered":"Papo de Oficina"},"content":{"rendered":"\t\t<div data-elementor-type=\"wp-page\" data-elementor-id=\"1329\" class=\"elementor elementor-1329\" data-elementor-settings=\"{&quot;ha_cmc_init_switcher&quot;:&quot;no&quot;}\">\n\t\t\t\t\t\t<section class=\"elementor-section elementor-top-section elementor-element elementor-element-87a4f90 elementor-section-boxed elementor-section-height-default elementor-section-height-default\" data-id=\"87a4f90\" data-element_type=\"section\" data-settings=\"{&quot;background_background&quot;:&quot;classic&quot;,&quot;_ha_eqh_enable&quot;:false}\">\n\t\t\t\t\t\t<div class=\"elementor-container elementor-column-gap-default\">\n\t\t\t\t\t<div class=\"elementor-column elementor-col-100 elementor-top-column elementor-element elementor-element-825bf56\" data-id=\"825bf56\" data-element_type=\"column\">\n\t\t\t<div class=\"elementor-widget-wrap elementor-element-populated\">\n\t\t\t\t\t\t<div class=\"elementor-element elementor-element-ad4a035 elementor-widget elementor-widget-heading\" data-id=\"ad4a035\" data-element_type=\"widget\" data-widget_type=\"heading.default\">\n\t\t\t\t<div class=\"elementor-widget-container\">\n\t\t\t\t\t<h2 class=\"elementor-heading-title elementor-size-default\">PAPO DE OFICINA<\/h2>\t\t\t\t<\/div>\n\t\t\t\t<\/div>\n\t\t\t\t\t<\/div>\n\t\t<\/div>\n\t\t\t\t\t<\/div>\n\t\t<\/section>\n\t\t\t\t<section class=\"elementor-section elementor-top-section elementor-element elementor-element-810098d elementor-section-boxed elementor-section-height-default elementor-section-height-default\" data-id=\"810098d\" data-element_type=\"section\" data-settings=\"{&quot;_ha_eqh_enable&quot;:false}\">\n\t\t\t\t\t\t<div class=\"elementor-container elementor-column-gap-default\">\n\t\t\t\t\t<div class=\"elementor-column elementor-col-100 elementor-top-column elementor-element elementor-element-7e16ec1\" data-id=\"7e16ec1\" data-element_type=\"column\">\n\t\t\t<div class=\"elementor-widget-wrap elementor-element-populated\">\n\t\t\t\t\t\t<div class=\"elementor-element elementor-element-bcbd0c8 elementor-widget elementor-widget-elementskit-blog-posts\" data-id=\"bcbd0c8\" data-element_type=\"widget\" data-widget_type=\"elementskit-blog-posts.default\">\n\t\t\t\t<div class=\"elementor-widget-container\">\n\t\t\t\t\t<div class=\"ekit-wid-con\" >        <div id=\"post-items--bcbd0c8\" class=\"row post-items\">\n                    <div class=\"col-md-12\">\n\n                                    <div class=\"elementskit-blog-block-post\">\n                        <div class=\"row no-gutters\">\n                            \n                            <div class=\"col-md-12 order-2\">\n                                <div class=\"elementskit-post-body \">\n                                    <div class=\"elementskit-entry-header\">\n                                        \n                                                                                            \t\t\t\t\t                                            \n                                            \n                                                                                            \t\t\t\t<h2 class=\"entry-title\">\n\t\t\t\t\t<a href=\"https:\/\/cvmarj.org.br\/site\/index.php\/2021\/12\/21\/dia-do-mecanico\/\">\n\t\t\t\t\t\t&hellip;\t\t\t\t\t<\/a>\n\t\t\t\t<\/h2>\n\t\t\t                                                                                <\/div><!-- .elementskit-entry-header END -->\n\n                                                                            <div class=\"elementskit-post-footer\">\n                                                                                            <p><\/p>\n                                                                                                                                <\/div><!-- .elementskit-post-footer END -->\n                                                                    <\/div><!-- .elementskit-post-body END -->\n                            <\/div>\n                        <\/div>\n                    <\/div><!-- .elementskit-blog-block-post .radius .gradient-bg END -->\n                \n            <\/div>\n                    <div class=\"col-md-12\">\n\n                                    <div class=\"elementskit-blog-block-post\">\n                        <div class=\"row no-gutters\">\n                            \n                            <div class=\"col-md-12 order-2\">\n                                <div class=\"elementskit-post-body \">\n                                    <div class=\"elementskit-entry-header\">\n                                        \n                                                                                            \t\t\t\t\t                                            \n                                            \n                                                                                            \t\t\t\t<h2 class=\"entry-title\">\n\t\t\t\t\t<a href=\"https:\/\/cvmarj.org.br\/site\/index.php\/2021\/08\/09\/ala-policial\/\">\n\t\t\t\t\t\t&hellip;\t\t\t\t\t<\/a>\n\t\t\t\t<\/h2>\n\t\t\t                                                                                <\/div><!-- .elementskit-entry-header END -->\n\n                                                                            <div class=\"elementskit-post-footer\">\n                                                                                            <p>Bom dia.Estamos trabalhando com alguns SOCIOS, a cria\u00e7\u00e3o da ALA POLICIAL, com o pessoal homenageando v\u00e1rias entidades com&hellip;<\/p>\n                                                                                                                                <\/div><!-- .elementskit-post-footer END -->\n                                                                    <\/div><!-- .elementskit-post-body END -->\n                            <\/div>\n                        <\/div>\n                    <\/div><!-- .elementskit-blog-block-post .radius .gradient-bg END -->\n                \n            <\/div>\n                    <div class=\"col-md-12\">\n\n                                    <div class=\"elementskit-blog-block-post\">\n                        <div class=\"row no-gutters\">\n                            \n                            <div class=\"col-md-12 order-2\">\n                                <div class=\"elementskit-post-body \">\n                                    <div class=\"elementskit-entry-header\">\n                                        \n                                                                                            \t\t\t\t\t                                            \n                                            \n                                                                                            \t\t\t\t<h2 class=\"entry-title\">\n\t\t\t\t\t<a href=\"https:\/\/cvmarj.org.br\/site\/index.php\/2021\/08\/09\/mais-um-voltando-para-o-cvmarj\/\">\n\t\t\t\t\t\t&hellip;\t\t\t\t\t<\/a>\n\t\t\t\t<\/h2>\n\t\t\t                                                                                <\/div><!-- .elementskit-entry-header END -->\n\n                                                                            <div class=\"elementskit-post-footer\">\n                                                                                            <p>Bom dia.Mais um voltando para o CVMARJ.Um dos fundadores do Clube, Geraldo, reativando seu Jeep GPW, que est\u00e1&hellip;<\/p>\n                                                                                                                                <\/div><!-- .elementskit-post-footer END -->\n                                                                    <\/div><!-- .elementskit-post-body END -->\n                            <\/div>\n                        <\/div>\n                    <\/div><!-- .elementskit-blog-block-post .radius .gradient-bg END -->\n                \n            <\/div>\n                    <div class=\"col-md-12\">\n\n                                    <div class=\"elementskit-blog-block-post\">\n                        <div class=\"row no-gutters\">\n                            \n                            <div class=\"col-md-12 order-2\">\n                                <div class=\"elementskit-post-body \">\n                                    <div class=\"elementskit-entry-header\">\n                                        \n                                                                                            \t\t\t\t\t                                            \n                                            \n                                                                                            \t\t\t\t<h2 class=\"entry-title\">\n\t\t\t\t\t<a href=\"https:\/\/cvmarj.org.br\/site\/index.php\/2021\/08\/05\/para-quem-gosta-de-f-85\/\">\n\t\t\t\t\t\t&hellip;\t\t\t\t\t<\/a>\n\t\t\t\t<\/h2>\n\t\t\t                                                                                <\/div><!-- .elementskit-entry-header END -->\n\n                                                                            <div class=\"elementskit-post-footer\">\n                                                                                            <p><\/p>\n                                                                                                                                <\/div><!-- .elementskit-post-footer END -->\n                                                                    <\/div><!-- .elementskit-post-body END -->\n                            <\/div>\n                        <\/div>\n                    <\/div><!-- .elementskit-blog-block-post .radius .gradient-bg END -->\n                \n            <\/div>\n                    <div class=\"col-md-12\">\n\n                                    <div class=\"elementskit-blog-block-post\">\n                        <div class=\"row no-gutters\">\n                            \n                            <div class=\"col-md-12 order-2\">\n                                <div class=\"elementskit-post-body \">\n                                    <div class=\"elementskit-entry-header\">\n                                        \n                                                                                            \t\t\t\t\t                                            \n                                            \n                                                                                            \t\t\t\t<h2 class=\"entry-title\">\n\t\t\t\t\t<a href=\"https:\/\/cvmarj.org.br\/site\/index.php\/2021\/08\/03\/pedimos-para-entrar-saimos-quando-quiser\/\">\n\t\t\t\t\t\t&hellip;\t\t\t\t\t<\/a>\n\t\t\t\t<\/h2>\n\t\t\t                                                                                <\/div><!-- .elementskit-entry-header END -->\n\n                                                                            <div class=\"elementskit-post-footer\">\n                                                                                            <p>SOMOS CVMARJ! PEDIMOS PARA ENTRAR. SAIMOS QUANDO QUISER. GOSTAMOS DE TEMAS MILITARES. SOMOS PATRIOTAS. GOSTAMOS DE VIATURAS MILITARES&hellip;<\/p>\n                                                                                                                                <\/div><!-- .elementskit-post-footer END -->\n                                                                    <\/div><!-- .elementskit-post-body END -->\n                            <\/div>\n                        <\/div>\n                    <\/div><!-- .elementskit-blog-block-post .radius .gradient-bg END -->\n                \n            <\/div>\n                    <div class=\"col-md-12\">\n\n                                    <div class=\"elementskit-blog-block-post\">\n                        <div class=\"row no-gutters\">\n                            \n                            <div class=\"col-md-12 order-2\">\n                                <div class=\"elementskit-post-body \">\n                                    <div class=\"elementskit-entry-header\">\n                                        \n                                                                                            \t\t\t\t\t                                            \n                                            \n                                                                                            \t\t\t\t<h2 class=\"entry-title\">\n\t\t\t\t\t<a href=\"https:\/\/cvmarj.org.br\/site\/index.php\/2021\/07\/29\/excelente-demonstracao-de-cuidado\/\">\n\t\t\t\t\t\t&hellip;\t\t\t\t\t<\/a>\n\t\t\t\t<\/h2>\n\t\t\t                                                                                <\/div><!-- .elementskit-entry-header END -->\n\n                                                                            <div class=\"elementskit-post-footer\">\n                                                                                            <p>Bom dia.Excelente demonstra\u00e7\u00e3o de cuidado e esmero no restauro das nossas viaturas.\u00c9 fundamental que cada um deixe sua&hellip;<\/p>\n                                                                                                                                <\/div><!-- .elementskit-post-footer END -->\n                                                                    <\/div><!-- .elementskit-post-body END -->\n                            <\/div>\n                        <\/div>\n                    <\/div><!-- .elementskit-blog-block-post .radius .gradient-bg END -->\n                \n            <\/div>\n                    <div class=\"col-md-12\">\n\n                                    <div class=\"elementskit-blog-block-post\">\n                        <div class=\"row no-gutters\">\n                            \n                            <div class=\"col-md-12 order-2\">\n                                <div class=\"elementskit-post-body \">\n                                    <div class=\"elementskit-entry-header\">\n                                        \n                                                                                            \t\t\t\t\t                                            \n                                            \n                                                                                            \t\t\t\t<h2 class=\"entry-title\">\n\t\t\t\t\t<a href=\"https:\/\/cvmarj.org.br\/site\/index.php\/2021\/07\/25\/meu-querido-armario-minha-adoravel-cama\/\">\n\t\t\t\t\t\t&hellip;\t\t\t\t\t<\/a>\n\t\t\t\t<\/h2>\n\t\t\t                                                                                <\/div><!-- .elementskit-entry-header END -->\n\n                                                                            <div class=\"elementskit-post-footer\">\n                                                                                            <p>Jober RochaTodos aqueles que prestaram servi\u00e7o militar \u00e0s For\u00e7as Armadas, com certeza, lembrar-se-\u00e3o, como eu e com saudades,&hellip;<\/p>\n                                                                                                                                <\/div><!-- .elementskit-post-footer END -->\n                                                                    <\/div><!-- .elementskit-post-body END -->\n                            <\/div>\n                        <\/div>\n                    <\/div><!-- .elementskit-blog-block-post .radius .gradient-bg END -->\n                \n            <\/div>\n                    <div class=\"col-md-12\">\n\n                                    <div class=\"elementskit-blog-block-post\">\n                        <div class=\"row no-gutters\">\n                            \n                            <div class=\"col-md-12 order-2\">\n                                <div class=\"elementskit-post-body \">\n                                    <div class=\"elementskit-entry-header\">\n                                        \n                                                                                            \t\t\t\t\t                                            \n                                            \n                                                                                            \t\t\t\t<h2 class=\"entry-title\">\n\t\t\t\t\t<a href=\"https:\/\/cvmarj.org.br\/site\/index.php\/2021\/07\/25\/voce-faz-parte-de-um-grupo-muito-seleto\/\">\n\t\t\t\t\t\t&hellip;\t\t\t\t\t<\/a>\n\t\t\t\t<\/h2>\n\t\t\t                                                                                <\/div><!-- .elementskit-entry-header END -->\n\n                                                                            <div class=\"elementskit-post-footer\">\n                                                                                            <p>Bom dia! Voc\u00ea faz parte de um grupo muito seleto de pessoas que tem uma hist\u00f3ria no CVMARJ.&hellip;<\/p>\n                                                                                                                                <\/div><!-- .elementskit-post-footer END -->\n                                                                    <\/div><!-- .elementskit-post-body END -->\n                            <\/div>\n                        <\/div>\n                    <\/div><!-- .elementskit-blog-block-post .radius .gradient-bg END -->\n                \n            <\/div>\n                    <div class=\"col-md-12\">\n\n                                    <div class=\"elementskit-blog-block-post\">\n                        <div class=\"row no-gutters\">\n                            \n                            <div class=\"col-md-12 order-2\">\n                                <div class=\"elementskit-post-body \">\n                                    <div class=\"elementskit-entry-header\">\n                                        \n                                                                                            \t\t\t\t\t                                            \n                                            \n                                                                                            \t\t\t\t<h2 class=\"entry-title\">\n\t\t\t\t\t<a href=\"https:\/\/cvmarj.org.br\/site\/index.php\/2021\/07\/25\/tenham-orgulho-de-pertencer-ao-cvmarj\/\">\n\t\t\t\t\t\t&hellip;\t\t\t\t\t<\/a>\n\t\t\t\t<\/h2>\n\t\t\t                                                                                <\/div><!-- .elementskit-entry-header END -->\n\n                                                                            <div class=\"elementskit-post-footer\">\n                                                                                            <p>Boa tarde! Tenham orgulho de pertencer ao CVMARJ. Somos um Grupo diferenciado dos demais, vibramos, nos dedicamos, lutamos&hellip;<\/p>\n                                                                                                                                <\/div><!-- .elementskit-post-footer END -->\n                                                                    <\/div><!-- .elementskit-post-body END -->\n                            <\/div>\n                        <\/div>\n                    <\/div><!-- .elementskit-blog-block-post .radius .gradient-bg END -->\n                \n            <\/div>\n                    <div class=\"col-md-12\">\n\n                                    <div class=\"elementskit-blog-block-post\">\n                        <div class=\"row no-gutters\">\n                            \n                            <div class=\"col-md-12 order-2\">\n                                <div class=\"elementskit-post-body \">\n                                    <div class=\"elementskit-entry-header\">\n                                        \n                                                                                            \t\t\t\t\t                                            \n                                            \n                                                                                            \t\t\t\t<h2 class=\"entry-title\">\n\t\t\t\t\t<a href=\"https:\/\/cvmarj.org.br\/site\/index.php\/2021\/07\/06\/eles-sao-os-conselheiros-eleitos-do-cvmarj\/\">\n\t\t\t\t\t\t&hellip;\t\t\t\t\t<\/a>\n\t\t\t\t<\/h2>\n\t\t\t                                                                                <\/div><!-- .elementskit-entry-header END -->\n\n                                                                            <div class=\"elementskit-post-footer\">\n                                                                                            <p>Eles s\u00e3o o ponto de equil\u00edbrio das decis\u00f5es da Diretoria.Pouco aparecem, s\u00e3o discretos, experientes, equilibrados, com grande experi\u00eancia&hellip;<\/p>\n                                                                                                                                <\/div><!-- .elementskit-post-footer END -->\n                                                                    <\/div><!-- .elementskit-post-body END -->\n                            <\/div>\n                        <\/div>\n                    <\/div><!-- .elementskit-blog-block-post .radius .gradient-bg END -->\n                \n            <\/div>\n                    <div class=\"col-md-12\">\n\n                                    <div class=\"elementskit-blog-block-post\">\n                        <div class=\"row no-gutters\">\n                            \n                            <div class=\"col-md-12 order-2\">\n                                <div class=\"elementskit-post-body \">\n                                    <div class=\"elementskit-entry-header\">\n                                        \n                                                                                            \t\t\t\t\t                                            \n                                            \n                                                                                            \t\t\t\t<h2 class=\"entry-title\">\n\t\t\t\t\t<a href=\"https:\/\/cvmarj.org.br\/site\/index.php\/2021\/07\/06\/jeep-willys-bombeiro-1947\/\">\n\t\t\t\t\t\t&hellip;\t\t\t\t\t<\/a>\n\t\t\t\t<\/h2>\n\t\t\t                                                                                <\/div><!-- .elementskit-entry-header END -->\n\n                                                                            <div class=\"elementskit-post-footer\">\n                                                                                            <p>N\u00e3o \u00e9 todo dia que se v\u00ea um carro dessa idade, com todos esses acess\u00f3rios como novos e&hellip;<\/p>\n                                                                                                                                <\/div><!-- .elementskit-post-footer END -->\n                                                                    <\/div><!-- .elementskit-post-body END -->\n                            <\/div>\n                        <\/div>\n                    <\/div><!-- .elementskit-blog-block-post .radius .gradient-bg END -->\n                \n            <\/div>\n                    <div class=\"col-md-12\">\n\n                                    <div class=\"elementskit-blog-block-post\">\n                        <div class=\"row no-gutters\">\n                            \n                            <div class=\"col-md-12 order-2\">\n                                <div class=\"elementskit-post-body \">\n                                    <div class=\"elementskit-entry-header\">\n                                        \n                                                                                            \t\t\t\t\t                                            \n                                            \n                                                                                            \t\t\t\t<h2 class=\"entry-title\">\n\t\t\t\t\t<a href=\"https:\/\/cvmarj.org.br\/site\/index.php\/2021\/07\/06\/viva-o-dia-do-bombeiro-brasileiro\/\">\n\t\t\t\t\t\t&hellip;\t\t\t\t\t<\/a>\n\t\t\t\t<\/h2>\n\t\t\t                                                                                <\/div><!-- .elementskit-entry-header END -->\n\n                                                                            <div class=\"elementskit-post-footer\">\n                                                                                            <p>JEEP KAISER M 606, MILITAR, BOMBEIRO ORIGINAL, PERTENCENTE \u00c0 ANTIGA ESCOLA DE MATERIAL B\u00c9LICO DO EX\u00c9RCITO &#8211; EsMB.<\/p>\n                                                                                                                                <\/div><!-- .elementskit-post-footer END -->\n                                                                    <\/div><!-- .elementskit-post-body END -->\n                            <\/div>\n                        <\/div>\n                    <\/div><!-- .elementskit-blog-block-post .radius .gradient-bg END -->\n                \n            <\/div>\n                    <div class=\"col-md-12\">\n\n                                    <div class=\"elementskit-blog-block-post\">\n                        <div class=\"row no-gutters\">\n                            \n                            <div class=\"col-md-12 order-2\">\n                                <div class=\"elementskit-post-body \">\n                                    <div class=\"elementskit-entry-header\">\n                                        \n                                                                                            \t\t\t\t\t                                            \n                                            \n                                                                                            \t\t\t\t<h2 class=\"entry-title\">\n\t\t\t\t\t<a href=\"https:\/\/cvmarj.org.br\/site\/index.php\/2021\/07\/06\/a-melhor-definicao-para-uma-viatura-militar-antiga\/\">\n\t\t\t\t\t\t&hellip;\t\t\t\t\t<\/a>\n\t\t\t\t<\/h2>\n\t\t\t                                                                                <\/div><!-- .elementskit-entry-header END -->\n\n                                                                            <div class=\"elementskit-post-footer\">\n                                                                                            <p>Boa noite! A melhor defini\u00e7\u00e3o para uma viatura militar antiga, parada ou mal cuidada. &#8220;Uma viatura ou qualquer&hellip;<\/p>\n                                                                                                                                <\/div><!-- .elementskit-post-footer END -->\n                                                                    <\/div><!-- .elementskit-post-body END -->\n                            <\/div>\n                        <\/div>\n                    <\/div><!-- .elementskit-blog-block-post .radius .gradient-bg END -->\n                \n            <\/div>\n                    <div class=\"col-md-12\">\n\n                                    <div class=\"elementskit-blog-block-post\">\n                        <div class=\"row no-gutters\">\n                            \n                            <div class=\"col-md-12 order-2\">\n                                <div class=\"elementskit-post-body \">\n                                    <div class=\"elementskit-entry-header\">\n                                        \n                                                                                            \t\t\t\t\t                                            \n                                            \n                                                                                            \t\t\t\t<h2 class=\"entry-title\">\n\t\t\t\t\t<a href=\"https:\/\/cvmarj.org.br\/site\/index.php\/2021\/06\/29\/o-homem-que-administra-nossas-financas-major-edson-carneiro\/\">\n\t\t\t\t\t\t&hellip;\t\t\t\t\t<\/a>\n\t\t\t\t<\/h2>\n\t\t\t                                                                                <\/div><!-- .elementskit-entry-header END -->\n\n                                                                            <div class=\"elementskit-post-footer\">\n                                                                                            <p>O homem que administra nossas finan\u00e7as, \u00e9 o Major Edson Carneiro, nosso Diretor Tesoureiro, Oficial da Pol\u00edcia Militar&hellip;<\/p>\n                                                                                                                                <\/div><!-- .elementskit-post-footer END -->\n                                                                    <\/div><!-- .elementskit-post-body END -->\n                            <\/div>\n                        <\/div>\n                    <\/div><!-- .elementskit-blog-block-post .radius .gradient-bg END -->\n                \n            <\/div>\n                    <div class=\"col-md-12\">\n\n                                    <div class=\"elementskit-blog-block-post\">\n                        <div class=\"row no-gutters\">\n                            \n                            <div class=\"col-md-12 order-2\">\n                                <div class=\"elementskit-post-body \">\n                                    <div class=\"elementskit-entry-header\">\n                                        \n                                                                                            \t\t\t\t\t                                            \n                                            \n                                                                                            \t\t\t\t<h2 class=\"entry-title\">\n\t\t\t\t\t<a href=\"https:\/\/cvmarj.org.br\/site\/index.php\/2021\/06\/29\/o-dono-do-jeep-boina-preta-dr-edson-vargas\/\">\n\t\t\t\t\t\t&hellip;\t\t\t\t\t<\/a>\n\t\t\t\t<\/h2>\n\t\t\t                                                                                <\/div><!-- .elementskit-entry-header END -->\n\n                                                                            <div class=\"elementskit-post-footer\">\n                                                                                            <p>O dono do Jeep BOINA PRETA, \u00e9 o Dr. EDSON VARGAS, nosso Diretor Secret\u00e1rio, respons\u00e1vel por toda a&hellip;<\/p>\n                                                                                                                                <\/div><!-- .elementskit-post-footer END -->\n                                                                    <\/div><!-- .elementskit-post-body END -->\n                            <\/div>\n                        <\/div>\n                    <\/div><!-- .elementskit-blog-block-post .radius .gradient-bg END -->\n                \n            <\/div>\n                    <div class=\"col-md-12\">\n\n                                    <div class=\"elementskit-blog-block-post\">\n                        <div class=\"row no-gutters\">\n                            \n                            <div class=\"col-md-12 order-2\">\n                                <div class=\"elementskit-post-body \">\n                                    <div class=\"elementskit-entry-header\">\n                                        \n                                                                                            \t\t\t\t\t                                            \n                                            \n                                                                                            \t\t\t\t<h2 class=\"entry-title\">\n\t\t\t\t\t<a href=\"https:\/\/cvmarj.org.br\/site\/index.php\/2021\/06\/29\/guerreiro-alado-jose-carlos-bastos\/\">\n\t\t\t\t\t\t&hellip;\t\t\t\t\t<\/a>\n\t\t\t\t<\/h2>\n\t\t\t                                                                                <\/div><!-- .elementskit-entry-header END -->\n\n                                                                            <div class=\"elementskit-post-footer\">\n                                                                                            <p>Presto minha contin\u00eancia \u00e0 esse GUERREIRO ALADO, o Veterano Paraquedista, Jos\u00e9 Carlos Bastos, Diretor de Rela\u00e7\u00f5es P\u00fablicas do&hellip;<\/p>\n                                                                                                                                <\/div><!-- .elementskit-post-footer END -->\n                                                                    <\/div><!-- .elementskit-post-body END -->\n                            <\/div>\n                        <\/div>\n                    <\/div><!-- .elementskit-blog-block-post .radius .gradient-bg END -->\n                \n            <\/div>\n                    <div class=\"col-md-12\">\n\n                                    <div class=\"elementskit-blog-block-post\">\n                        <div class=\"row no-gutters\">\n                            \n                            <div class=\"col-md-12 order-2\">\n                                <div class=\"elementskit-post-body \">\n                                    <div class=\"elementskit-entry-header\">\n                                        \n                                                                                            \t\t\t\t\t                                            \n                                            \n                                                                                            \t\t\t\t<h2 class=\"entry-title\">\n\t\t\t\t\t<a href=\"https:\/\/cvmarj.org.br\/site\/index.php\/2021\/06\/29\/ele-e-uma-lenda-viva-do-cvmarj\/\">\n\t\t\t\t\t\t&hellip;\t\t\t\t\t<\/a>\n\t\t\t\t<\/h2>\n\t\t\t                                                                                <\/div><!-- .elementskit-entry-header END -->\n\n                                                                            <div class=\"elementskit-post-footer\">\n                                                                                            <p>Ele \u00e9 uma lenda viva do CVMARJ. Fundador do Clube, amigo para todas as horas, com ele n\u00e3o&hellip;<\/p>\n                                                                                                                                <\/div><!-- .elementskit-post-footer END -->\n                                                                    <\/div><!-- .elementskit-post-body END -->\n                            <\/div>\n                        <\/div>\n                    <\/div><!-- .elementskit-blog-block-post .radius .gradient-bg END -->\n                \n            <\/div>\n                    <div class=\"col-md-12\">\n\n                                    <div class=\"elementskit-blog-block-post\">\n                        <div class=\"row no-gutters\">\n                            \n                            <div class=\"col-md-12 order-2\">\n                                <div class=\"elementskit-post-body \">\n                                    <div class=\"elementskit-entry-header\">\n                                        \n                                                                                            \t\t\t\t\t                                            \n                                            \n                                                                                            \t\t\t\t<h2 class=\"entry-title\">\n\t\t\t\t\t<a href=\"https:\/\/cvmarj.org.br\/site\/index.php\/2021\/06\/29\/jose-augusto-pereira-mais-conhecido-como-zeca\/\">\n\t\t\t\t\t\t&hellip;\t\t\t\t\t<\/a>\n\t\t\t\t<\/h2>\n\t\t\t                                                                                <\/div><!-- .elementskit-entry-header END -->\n\n                                                                            <div class=\"elementskit-post-footer\">\n                                                                                            <p>Boa noite.\u00c9 dever de justi\u00e7a reconhecer e agradecer \u00e0 um dos grandes respons\u00e1veis por termos chegado onde chegamos,&hellip;<\/p>\n                                                                                                                                <\/div><!-- .elementskit-post-footer END -->\n                                                                    <\/div><!-- .elementskit-post-body END -->\n                            <\/div>\n                        <\/div>\n                    <\/div><!-- .elementskit-blog-block-post .radius .gradient-bg END -->\n                \n            <\/div>\n                    <div class=\"col-md-12\">\n\n                                    <div class=\"elementskit-blog-block-post\">\n                        <div class=\"row no-gutters\">\n                            \n                            <div class=\"col-md-12 order-2\">\n                                <div class=\"elementskit-post-body \">\n                                    <div class=\"elementskit-entry-header\">\n                                        \n                                                                                            \t\t\t\t\t                                            \n                                            \n                                                                                            \t\t\t\t<h2 class=\"entry-title\">\n\t\t\t\t\t<a href=\"https:\/\/cvmarj.org.br\/site\/index.php\/2021\/06\/24\/sera-um-evento-unico-e-imperdivel\/\">\n\t\t\t\t\t\t&hellip;\t\t\t\t\t<\/a>\n\t\t\t\t<\/h2>\n\t\t\t                                                                                <\/div><!-- .elementskit-entry-header END -->\n\n                                                                            <div class=\"elementskit-post-footer\">\n                                                                                            <p>Bom dia! S\u00e1bado, 26 de junho de 2021, TEREMOS a comemora\u00e7\u00e3o dos 19 anos de funda\u00e7\u00e3o do CVMARJ,&hellip;<\/p>\n                                                                                                                                <\/div><!-- .elementskit-post-footer END -->\n                                                                    <\/div><!-- .elementskit-post-body END -->\n                            <\/div>\n                        <\/div>\n                    <\/div><!-- .elementskit-blog-block-post .radius .gradient-bg END -->\n                \n            <\/div>\n                    <div class=\"col-md-12\">\n\n                                    <div class=\"elementskit-blog-block-post\">\n                        <div class=\"row no-gutters\">\n                            \n                            <div class=\"col-md-12 order-2\">\n                                <div class=\"elementskit-post-body \">\n                                    <div class=\"elementskit-entry-header\">\n                                        \n                                                                                            \t\t\t\t\t                                            \n                                            \n                                                                                            \t\t\t\t<h2 class=\"entry-title\">\n\t\t\t\t\t<a href=\"https:\/\/cvmarj.org.br\/site\/index.php\/2021\/06\/19\/convocacao-geral-cvmarj\/\">\n\t\t\t\t\t\t&hellip;\t\t\t\t\t<\/a>\n\t\t\t\t<\/h2>\n\t\t\t                                                                                <\/div><!-- .elementskit-entry-header END -->\n\n                                                                            <div class=\"elementskit-post-footer\">\n                                                                                            <p>ATEN\u00c7\u00c3O! BOM DIA. NO PR\u00d3XIMO S\u00c1BADO, 26 DE JUNHO DE 2021, ESTAREMOS REALIZANDO UMA GRANDE FESTA EM COMEMORA\u00c7\u00c3O&hellip;<\/p>\n                                                                                                                                <\/div><!-- .elementskit-post-footer END -->\n                                                                    <\/div><!-- .elementskit-post-body END -->\n                            <\/div>\n                        <\/div>\n                    <\/div><!-- .elementskit-blog-block-post .radius .gradient-bg END -->\n                \n            <\/div>\n                    <div class=\"col-md-12\">\n\n                                    <div class=\"elementskit-blog-block-post\">\n                        <div class=\"row no-gutters\">\n                            \n                            <div class=\"col-md-12 order-2\">\n                                <div class=\"elementskit-post-body \">\n                                    <div class=\"elementskit-entry-header\">\n                                        \n                                                                                            \t\t\t\t\t                                            \n                                            \n                                                                                            \t\t\t\t<h2 class=\"entry-title\">\n\t\t\t\t\t<a href=\"https:\/\/cvmarj.org.br\/site\/index.php\/2021\/06\/18\/cvmarj-_-19-anos-de-muita-acao-e-emocao\/\">\n\t\t\t\t\t\t&hellip;\t\t\t\t\t<\/a>\n\t\t\t\t<\/h2>\n\t\t\t                                                                                <\/div><!-- .elementskit-entry-header END -->\n\n                                                                            <div class=\"elementskit-post-footer\">\n                                                                                            <p>PARAB\u00c9NS, CVMARJ pelos 19 anos de sua funda\u00e7\u00e3o, quando propriet\u00e1rios de viaturas militares, resolveram fundar o Clube, no&hellip;<\/p>\n                                                                                                                                <\/div><!-- .elementskit-post-footer END -->\n                                                                    <\/div><!-- .elementskit-post-body END -->\n                            <\/div>\n                        <\/div>\n                    <\/div><!-- .elementskit-blog-block-post .radius .gradient-bg END -->\n                \n            <\/div>\n                    <div class=\"col-md-12\">\n\n                                    <div class=\"elementskit-blog-block-post\">\n                        <div class=\"row no-gutters\">\n                            \n                            <div class=\"col-md-12 order-2\">\n                                <div class=\"elementskit-post-body \">\n                                    <div class=\"elementskit-entry-header\">\n                                        \n                                                                                            \t\t\t\t\t                                            \n                                            \n                                                                                            \t\t\t\t<h2 class=\"entry-title\">\n\t\t\t\t\t<a href=\"https:\/\/cvmarj.org.br\/site\/index.php\/2021\/06\/12\/feliz-dia-dos-namorados\/\">\n\t\t\t\t\t\t&hellip;\t\t\t\t\t<\/a>\n\t\t\t\t<\/h2>\n\t\t\t                                                                                <\/div><!-- .elementskit-entry-header END -->\n\n                                                                            <div class=\"elementskit-post-footer\">\n                                                                                            <p>Bom dia.Pertencemos \u00e0 um Clube que \u00e9 refer\u00eancia mundial no seu segmento.Composto por homens e mulheres vibrantes e&hellip;<\/p>\n                                                                                                                                <\/div><!-- .elementskit-post-footer END -->\n                                                                    <\/div><!-- .elementskit-post-body END -->\n                            <\/div>\n                        <\/div>\n                    <\/div><!-- .elementskit-blog-block-post .radius .gradient-bg END -->\n                \n            <\/div>\n                    <div class=\"col-md-12\">\n\n                                    <div class=\"elementskit-blog-block-post\">\n                        <div class=\"row no-gutters\">\n                            \n                            <div class=\"col-md-12 order-2\">\n                                <div class=\"elementskit-post-body \">\n                                    <div class=\"elementskit-entry-header\">\n                                        \n                                                                                            \t\t\t\t\t                                            \n                                            \n                                                                                            \t\t\t\t<h2 class=\"entry-title\">\n\t\t\t\t\t<a href=\"https:\/\/cvmarj.org.br\/site\/index.php\/2021\/06\/11\/o-gaspvm-_-grupo-de-apoio-aos-socios-com-problemas-nas-viaturas-e-motocicletas-continua-atuando-em-beneficio-dos-socios-do-clube\/\">\n\t\t\t\t\t\t&hellip;\t\t\t\t\t<\/a>\n\t\t\t\t<\/h2>\n\t\t\t                                                                                <\/div><!-- .elementskit-entry-header END -->\n\n                                                                            <div class=\"elementskit-post-footer\">\n                                                                                            <p>O &#8220;GASPVM _ GRUPO DE APOIO AOS S\u00d3CIOS COM PROBLEMAS NAS VIATURAS E MOTOCICLETAS, CONTINUA ATUANDO EM BENEF\u00cdCIO&hellip;<\/p>\n                                                                                                                                <\/div><!-- .elementskit-post-footer END -->\n                                                                    <\/div><!-- .elementskit-post-body END -->\n                            <\/div>\n                        <\/div>\n                    <\/div><!-- .elementskit-blog-block-post .radius .gradient-bg END -->\n                \n            <\/div>\n                    <div class=\"col-md-12\">\n\n                                    <div class=\"elementskit-blog-block-post\">\n                        <div class=\"row no-gutters\">\n                            \n                            <div class=\"col-md-12 order-2\">\n                                <div class=\"elementskit-post-body \">\n                                    <div class=\"elementskit-entry-header\">\n                                        \n                                                                                            \t\t\t\t\t                                            \n                                            \n                                                                                            \t\t\t\t<h2 class=\"entry-title\">\n\t\t\t\t\t<a href=\"https:\/\/cvmarj.org.br\/site\/index.php\/2021\/05\/21\/19-anos-cvmarj\/\">\n\t\t\t\t\t\t&hellip;\t\t\t\t\t<\/a>\n\t\t\t\t<\/h2>\n\t\t\t                                                                                <\/div><!-- .elementskit-entry-header END -->\n\n                                                                            <div class=\"elementskit-post-footer\">\n                                                                                            <p>Vem chegando o dia 06 de junho de 2021, dia que o CVMARJ _ CLUBE DE VE\u00cdCULOS MILITARES&hellip;<\/p>\n                                                                                                                                <\/div><!-- .elementskit-post-footer END -->\n                                                                    <\/div><!-- .elementskit-post-body END -->\n                            <\/div>\n                        <\/div>\n                    <\/div><!-- .elementskit-blog-block-post .radius .gradient-bg END -->\n                \n            <\/div>\n                    <div class=\"col-md-12\">\n\n                                    <div class=\"elementskit-blog-block-post\">\n                        <div class=\"row no-gutters\">\n                            \n                            <div class=\"col-md-12 order-2\">\n                                <div class=\"elementskit-post-body \">\n                                    <div class=\"elementskit-entry-header\">\n                                        \n                                                                                            \t\t\t\t\t                                            \n                                            \n                                                                                            \t\t\t\t<h2 class=\"entry-title\">\n\t\t\t\t\t<a href=\"https:\/\/cvmarj.org.br\/site\/index.php\/2021\/05\/19\/grupo-de-apoio-aos-socios\/\">\n\t\t\t\t\t\t&hellip;\t\t\t\t\t<\/a>\n\t\t\t\t<\/h2>\n\t\t\t                                                                                <\/div><!-- .elementskit-entry-header END -->\n\n                                                                            <div class=\"elementskit-post-footer\">\n                                                                                            <p>GRUPO DE APOIO AOS S\u00d3CIOS COM PROBLEMAS NAS VIATURAS E MOTOCICLETAS _ GASPVM. Em face aos diversos problemas&hellip;<\/p>\n                                                                                                                                <\/div><!-- .elementskit-post-footer END -->\n                                                                    <\/div><!-- .elementskit-post-body END -->\n                            <\/div>\n                        <\/div>\n                    <\/div><!-- .elementskit-blog-block-post .radius .gradient-bg END -->\n                \n            <\/div>\n                    <div class=\"col-md-12\">\n\n                                    <div class=\"elementskit-blog-block-post\">\n                        <div class=\"row no-gutters\">\n                            \n                            <div class=\"col-md-12 order-2\">\n                                <div class=\"elementskit-post-body \">\n                                    <div class=\"elementskit-entry-header\">\n                                        \n                                                                                            \t\t\t\t\t                                            \n                                            \n                                                                                            \t\t\t\t<h2 class=\"entry-title\">\n\t\t\t\t\t<a href=\"https:\/\/cvmarj.org.br\/site\/index.php\/2021\/05\/14\/8-de-maio-de-2021-dia-da-vitoria\/\">\n\t\t\t\t\t\t&hellip;\t\t\t\t\t<\/a>\n\t\t\t\t<\/h2>\n\t\t\t                                                                                <\/div><!-- .elementskit-entry-header END -->\n\n                                                                            <div class=\"elementskit-post-footer\">\n                                                                                            <p>8 DE MAIO DE 2021. Hoje, comemoramos do &#8220;DIA DA VIT\u00d3RIA&#8221;, data que completa 76 anos do fim&hellip;<\/p>\n                                                                                                                                <\/div><!-- .elementskit-post-footer END -->\n                                                                    <\/div><!-- .elementskit-post-body END -->\n                            <\/div>\n                        <\/div>\n                    <\/div><!-- .elementskit-blog-block-post .radius .gradient-bg END -->\n                \n            <\/div>\n                    <div class=\"col-md-12\">\n\n                                    <div class=\"elementskit-blog-block-post\">\n                        <div class=\"row no-gutters\">\n                            \n                            <div class=\"col-md-12 order-2\">\n                                <div class=\"elementskit-post-body \">\n                                    <div class=\"elementskit-entry-header\">\n                                        \n                                                                                            \t\t\t\t\t                                            \n                                            \n                                                                                            \t\t\t\t<h2 class=\"entry-title\">\n\t\t\t\t\t<a href=\"https:\/\/cvmarj.org.br\/site\/index.php\/2021\/05\/14\/para-os-socios-e-amigos-do-cvmarj-2\/\">\n\t\t\t\t\t\t&hellip;\t\t\t\t\t<\/a>\n\t\t\t\t<\/h2>\n\t\t\t                                                                                <\/div><!-- .elementskit-entry-header END -->\n\n                                                                            <div class=\"elementskit-post-footer\">\n                                                                                            <p>Estou atualizando um e-mail enviado em 2007, para os s\u00f3cios e amigos do CVMARJ. Muitos de n\u00f3s, n\u00e3o&hellip;<\/p>\n                                                                                                                                <\/div><!-- .elementskit-post-footer END -->\n                                                                    <\/div><!-- .elementskit-post-body END -->\n                            <\/div>\n                        <\/div>\n                    <\/div><!-- .elementskit-blog-block-post .radius .gradient-bg END -->\n                \n            <\/div>\n                    <div class=\"col-md-12\">\n\n                                    <div class=\"elementskit-blog-block-post\">\n                        <div class=\"row no-gutters\">\n                            \n                            <div class=\"col-md-12 order-2\">\n                                <div class=\"elementskit-post-body \">\n                                    <div class=\"elementskit-entry-header\">\n                                        \n                                                                                            \t\t\t\t\t                                            \n                                            \n                                                                                            \t\t\t\t<h2 class=\"entry-title\">\n\t\t\t\t\t<a href=\"https:\/\/cvmarj.org.br\/site\/index.php\/2021\/05\/13\/momento-de-reflexao\/\">\n\t\t\t\t\t\t&hellip;\t\t\t\t\t<\/a>\n\t\t\t\t<\/h2>\n\t\t\t                                                                                <\/div><!-- .elementskit-entry-header END -->\n\n                                                                            <div class=\"elementskit-post-footer\">\n                                                                                            <p>Prezado amigo, bom dia.Espero que esteja bem, se cuidando e tomando medidas contra a pandemia e outras doen\u00e7as.Ao&hellip;<\/p>\n                                                                                                                                <\/div><!-- .elementskit-post-footer END -->\n                                                                    <\/div><!-- .elementskit-post-body END -->\n                            <\/div>\n                        <\/div>\n                    <\/div><!-- .elementskit-blog-block-post .radius .gradient-bg END -->\n                \n            <\/div>\n                    <div class=\"col-md-12\">\n\n                                    <div class=\"elementskit-blog-block-post\">\n                        <div class=\"row no-gutters\">\n                            \n                            <div class=\"col-md-12 order-2\">\n                                <div class=\"elementskit-post-body \">\n                                    <div class=\"elementskit-entry-header\">\n                                        \n                                                                                            \t\t\t\t\t                                            \n                                            \n                                                                                            \t\t\t\t<h2 class=\"entry-title\">\n\t\t\t\t\t<a href=\"https:\/\/cvmarj.org.br\/site\/index.php\/2021\/05\/06\/dia-da-arma-de-cavalaria-10-de-maio-de-2021\/\">\n\t\t\t\t\t\t&hellip;\t\t\t\t\t<\/a>\n\t\t\t\t<\/h2>\n\t\t\t                                                                                <\/div><!-- .elementskit-entry-header END -->\n\n                                                                            <div class=\"elementskit-post-footer\">\n                                                                                            <p>Lembro de um fato contado pelos antig\u00f5es do 15\u00b0 RCMec, em Campinho.O velho Capit\u00e3o de CAVALARIA, Gelder MANH\u00c3ES&hellip;<\/p>\n                                                                                                                                <\/div><!-- .elementskit-post-footer END -->\n                                                                    <\/div><!-- .elementskit-post-body END -->\n                            <\/div>\n                        <\/div>\n                    <\/div><!-- .elementskit-blog-block-post .radius .gradient-bg END -->\n                \n            <\/div>\n                    <div class=\"col-md-12\">\n\n                                    <div class=\"elementskit-blog-block-post\">\n                        <div class=\"row no-gutters\">\n                            \n                            <div class=\"col-md-12 order-2\">\n                                <div class=\"elementskit-post-body \">\n                                    <div class=\"elementskit-entry-header\">\n                                        \n                                                                                            \t\t\t\t\t                                            \n                                            \n                                                                                            \t\t\t\t<h2 class=\"entry-title\">\n\t\t\t\t\t<a href=\"https:\/\/cvmarj.org.br\/site\/index.php\/2021\/04\/22\/o-resgate-do-270\/\">\n\t\t\t\t\t\t&hellip;\t\t\t\t\t<\/a>\n\t\t\t\t<\/h2>\n\t\t\t                                                                                <\/div><!-- .elementskit-entry-header END -->\n\n                                                                            <div class=\"elementskit-post-footer\">\n                                                                                            <p>Segue o registro do presente que &#8220;ganhei&#8221; em 2008, dos amigos do CVMARJ &#8211; Clube de Ve\u00edculos Militares&hellip;<\/p>\n                                                                                                                                <\/div><!-- .elementskit-post-footer END -->\n                                                                    <\/div><!-- .elementskit-post-body END -->\n                            <\/div>\n                        <\/div>\n                    <\/div><!-- .elementskit-blog-block-post .radius .gradient-bg END -->\n                \n            <\/div>\n                    <div class=\"col-md-12\">\n\n                                    <div class=\"elementskit-blog-block-post\">\n                        <div class=\"row no-gutters\">\n                            \n                            <div class=\"col-md-12 order-2\">\n                                <div class=\"elementskit-post-body \">\n                                    <div class=\"elementskit-entry-header\">\n                                        \n                                                                                            \t\t\t\t\t                                            \n                                            \n                                                                                            \t\t\t\t<h2 class=\"entry-title\">\n\t\t\t\t\t<a href=\"https:\/\/cvmarj.org.br\/site\/index.php\/2021\/04\/22\/o-dia-a-dia-da-feb-na-italia-1945\/\">\n\t\t\t\t\t\t&hellip;\t\t\t\t\t<\/a>\n\t\t\t\t<\/h2>\n\t\t\t                                                                                <\/div><!-- .elementskit-entry-header END -->\n\n                                                                            <div class=\"elementskit-post-footer\">\n                                                                                            <p>1 Abr &#8211; O 6\u00ba RI lan\u00e7a nova Patrulha de Combate para golpe de m\u00e3o novamente na regi\u00e3o&hellip;<\/p>\n                                                                                                                                <\/div><!-- .elementskit-post-footer END -->\n                                                                    <\/div><!-- .elementskit-post-body END -->\n                            <\/div>\n                        <\/div>\n                    <\/div><!-- .elementskit-blog-block-post .radius .gradient-bg END -->\n                \n            <\/div>\n                <\/div>\n       <\/div>\t\t\t\t<\/div>\n\t\t\t\t<\/div>\n\t\t\t\t\t<\/div>\n\t\t<\/div>\n\t\t\t\t\t<\/div>\n\t\t<\/section>\n\t\t\t\t<\/div>\n\t\t","protected":false},"excerpt":{"rendered":"<p>PAPO DE OFICINA GRUPO DE APOIO AOS S\u00d3CIOS GRUPO DE APOIO AOS S\u00d3CIOS COM PROBLEMAS NAS VIATURAS E MOTOCICLETAS _ GASPVM. Em face aos diversos problemas 8 DE MAIO DE 2021. &#8220;DIA DA VIT\u00d3RIA&#8221; 8 DE MAIO DE 2021. Hoje, comemoramos do &#8220;DIA DA VIT\u00d3RIA&#8221;, data que completa 76 anos do fim Para os s\u00f3cios&hellip;&nbsp;<a href=\"https:\/\/cvmarj.org.br\/site\/index.php\/2021\/04\/22\/o-dia-a-dia-da-feb-na-italia-1945\/\" class=\"\" rel=\"bookmark\">Ler mais &raquo;<span class=\"screen-reader-text\">O Dia a Dia da FEB na It\u00e1lia &#8211; 1945.<\/span><\/a><\/p>\n","protected":false},"author":1,"featured_media":0,"parent":0,"menu_order":0,"comment_status":"closed","ping_status":"closed","template":"page-templates\/template-pagebuilder-full-width.php","meta":{"neve_meta_sidebar":"full-width","neve_meta_container":"","neve_meta_enable_content_width":"on","neve_meta_content_width":100,"neve_meta_title_alignment":"","neve_meta_author_avatar":"","neve_post_elements_order":"","neve_meta_disable_header":"","neve_meta_disable_footer":"","neve_meta_disable_title":"","footnotes":""},"_links":{"self":[{"href":"https:\/\/cvmarj.org.br\/site\/index.php\/wp-json\/wp\/v2\/pages\/1329"}],"collection":[{"href":"https:\/\/cvmarj.org.br\/site\/index.php\/wp-json\/wp\/v2\/pages"}],"about":[{"href":"https:\/\/cvmarj.org.br\/site\/index.php\/wp-json\/wp\/v2\/types\/page"}],"author":[{"embeddable":true,"href":"https:\/\/cvmarj.org.br\/site\/index.php\/wp-json\/wp\/v2\/users\/1"}],"replies":[{"embeddable":true,"href":"https:\/\/cvmarj.org.br\/site\/index.php\/wp-json\/wp\/v2\/comments?post=1329"}],"version-history":[{"count":19,"href":"https:\/\/cvmarj.org.br\/site\/index.php\/wp-json\/wp\/v2\/pages\/1329\/revisions"}],"predecessor-version":[{"id":1539,"href":"https:\/\/cvmarj.org.br\/site\/index.php\/wp-json\/wp\/v2\/pages\/1329\/revisions\/1539"}],"wp:attachment":[{"href":"https:\/\/cvmarj.org.br\/site\/index.php\/wp-json\/wp\/v2\/media?parent=1329"}],"curies":[{"name":"wp","href":"https:\/\/api.w.org\/{rel}","templated":true}]}}