{"id":2874,"date":"2022-03-18T18:43:46","date_gmt":"2022-03-18T21:43:46","guid":{"rendered":"https:\/\/cvmarj.org.br\/site\/?page_id=2874"},"modified":"2022-08-31T11:57:18","modified_gmt":"2022-08-31T14:57:18","slug":"lembrancas-da-caserna","status":"publish","type":"page","link":"https:\/\/cvmarj.org.br\/site\/index.php\/lembrancas-da-caserna\/","title":{"rendered":"Lembran\u00e7as da Caserna"},"content":{"rendered":"\t\t<div data-elementor-type=\"wp-page\" data-elementor-id=\"2874\" class=\"elementor elementor-2874\" data-elementor-settings=\"{&quot;ha_cmc_init_switcher&quot;:&quot;no&quot;}\">\n\t\t\t\t\t\t<section class=\"elementor-section elementor-top-section elementor-element elementor-element-717ecb5 elementor-section-boxed elementor-section-height-default elementor-section-height-default\" data-id=\"717ecb5\" data-element_type=\"section\" data-settings=\"{&quot;_ha_eqh_enable&quot;:false}\">\n\t\t\t\t\t\t<div class=\"elementor-container elementor-column-gap-default\">\n\t\t\t\t\t<div class=\"elementor-column elementor-col-100 elementor-top-column elementor-element elementor-element-fb3b5c1\" data-id=\"fb3b5c1\" data-element_type=\"column\">\n\t\t\t<div class=\"elementor-widget-wrap elementor-element-populated\">\n\t\t\t\t\t\t<div class=\"elementor-element elementor-element-6c2b93b elementor-widget elementor-widget-heading\" data-id=\"6c2b93b\" data-element_type=\"widget\" data-widget_type=\"heading.default\">\n\t\t\t\t<div class=\"elementor-widget-container\">\n\t\t\t\t\t<h4 class=\"elementor-heading-title elementor-size-default\">Registros do Gen. Bda. Eng. Mil.Veterano Iber\u00ea Mariano da Silva, \ndurante sua vida na Ativa \ndo Ex\u00e9rcito Brasileiro.<\/h4>\t\t\t\t<\/div>\n\t\t\t\t<\/div>\n\t\t\t\t\t<\/div>\n\t\t<\/div>\n\t\t\t\t\t<\/div>\n\t\t<\/section>\n\t\t\t\t<section class=\"elementor-section elementor-top-section elementor-element elementor-element-f275403 elementor-section-full_width elementor-section-height-default elementor-section-height-default\" data-id=\"f275403\" data-element_type=\"section\" data-settings=\"{&quot;_ha_eqh_enable&quot;:false}\">\n\t\t\t\t\t\t<div class=\"elementor-container elementor-column-gap-default\">\n\t\t\t\t\t<div class=\"elementor-column elementor-col-100 elementor-top-column elementor-element elementor-element-a8d2687\" data-id=\"a8d2687\" data-element_type=\"column\">\n\t\t\t<div class=\"elementor-widget-wrap elementor-element-populated\">\n\t\t\t\t\t\t<div class=\"elementor-element elementor-element-41e3ea3 elementor-widget elementor-widget-elementskit-blog-posts\" data-id=\"41e3ea3\" data-element_type=\"widget\" data-widget_type=\"elementskit-blog-posts.default\">\n\t\t\t\t<div class=\"elementor-widget-container\">\n\t\t\t\t\t<div class=\"ekit-wid-con\" >        <div id=\"post-items--41e3ea3\" class=\"row post-items\">\n                    <div class=\"col-md-12\">\n\n                                    <div class=\"elementskit-blog-block-post\">\n                        <div class=\"row no-gutters\">\n                                                            <div class=\"col-md-6 order-1\">\n                                    <a href=\"https:\/\/cvmarj.org.br\/site\/index.php\/2023\/12\/12\/lembranca-36\/\" class=\"elementskit-entry-thumb\">\n                                        <img decoding=\"async\" src=\"https:\/\/cvmarj.org.br\/site\/wp-content\/uploads\/2023\/12\/64dff1e5-dc04-4a6f-b8a0-2a52aa6edfc3.jpg\" alt=\"Lembran\u00e7a 36\">\n                                    <\/a><!-- .elementskit-entry-thumb END -->\n                                <\/div>\n                            \n                            <div class=\"col-md-6 order-2\">\n                                <div class=\"elementskit-post-body \">\n                                    <div class=\"elementskit-entry-header\">\n                                        \n                                                                                            \t\t\t\t\t                                            \n                                            \n                                                                                            \t\t\t\t<h2 class=\"entry-title\">\n\t\t\t\t\t<a href=\"https:\/\/cvmarj.org.br\/site\/index.php\/2023\/12\/12\/lembranca-36\/\">\n\t\t\t\t\t\tLembran\u00e7a 36\t\t\t\t\t<\/a>\n\t\t\t\t<\/h2>\n\t\t\t                                                                                <\/div><!-- .elementskit-entry-header END -->\n\n                                                                            <div class=\"elementskit-post-footer\">\n                                                                                            <p>Essequibo EssequiboIber\u00ea Mariano da Silva (*) \u00a0Escrevo esta \u00a0reminisc\u00eancias no dia 4 de Dezembro de 2023 acerca de fatos ocorridos na d\u00e9cada de 60 e&hellip;<\/p>\n                                                                                                                                <\/div><!-- .elementskit-post-footer END -->\n                                                                    <\/div><!-- .elementskit-post-body END -->\n                            <\/div>\n                        <\/div>\n                    <\/div><!-- .elementskit-blog-block-post .radius .gradient-bg END -->\n                \n            <\/div>\n                    <div class=\"col-md-12\">\n\n                                    <div class=\"elementskit-blog-block-post\">\n                        <div class=\"row no-gutters\">\n                                                            <div class=\"col-md-6 order-1\">\n                                    <a href=\"https:\/\/cvmarj.org.br\/site\/index.php\/2023\/06\/27\/lembranca-35\/\" class=\"elementskit-entry-thumb\">\n                                        <img decoding=\"async\" src=\"https:\/\/cvmarj.org.br\/site\/wp-content\/uploads\/2023\/12\/64dff1e5-dc04-4a6f-b8a0-2a52aa6edfc3.jpg\" alt=\"Lembran\u00e7a 35\">\n                                    <\/a><!-- .elementskit-entry-thumb END -->\n                                <\/div>\n                            \n                            <div class=\"col-md-6 order-2\">\n                                <div class=\"elementskit-post-body \">\n                                    <div class=\"elementskit-entry-header\">\n                                        \n                                                                                            \t\t\t\t\t                                            \n                                            \n                                                                                            \t\t\t\t<h2 class=\"entry-title\">\n\t\t\t\t\t<a href=\"https:\/\/cvmarj.org.br\/site\/index.php\/2023\/06\/27\/lembranca-35\/\">\n\t\t\t\t\t\tLembran\u00e7a 35\t\t\t\t\t<\/a>\n\t\t\t\t<\/h2>\n\t\t\t                                                                                <\/div><!-- .elementskit-entry-header END -->\n\n                                                                            <div class=\"elementskit-post-footer\">\n                                                                                            <p>Eu Fui JuizPor Iber\u00ea Mariano da Silva (*) . Por tr\u00eas vezes fui sorteado para integrar um Conselho Permanente de Justi\u00e7a. Com minha sorte, eu&hellip;<\/p>\n                                                                                                                                <\/div><!-- .elementskit-post-footer END -->\n                                                                    <\/div><!-- .elementskit-post-body END -->\n                            <\/div>\n                        <\/div>\n                    <\/div><!-- .elementskit-blog-block-post .radius .gradient-bg END -->\n                \n            <\/div>\n                    <div class=\"col-md-12\">\n\n                                    <div class=\"elementskit-blog-block-post\">\n                        <div class=\"row no-gutters\">\n                                                            <div class=\"col-md-6 order-1\">\n                                    <a href=\"https:\/\/cvmarj.org.br\/site\/index.php\/2023\/06\/27\/lembranca-34\/\" class=\"elementskit-entry-thumb\">\n                                        <img decoding=\"async\" src=\"https:\/\/cvmarj.org.br\/site\/wp-content\/uploads\/2022\/09\/64dff1e5-dc04-4a6f-b8a0-2a52aa6edfc3.jpg\" alt=\"Lembran\u00e7a 34\">\n                                    <\/a><!-- .elementskit-entry-thumb END -->\n                                <\/div>\n                            \n                            <div class=\"col-md-6 order-2\">\n                                <div class=\"elementskit-post-body \">\n                                    <div class=\"elementskit-entry-header\">\n                                        \n                                                                                            \t\t\t\t\t                                            \n                                            \n                                                                                            \t\t\t\t<h2 class=\"entry-title\">\n\t\t\t\t\t<a href=\"https:\/\/cvmarj.org.br\/site\/index.php\/2023\/06\/27\/lembranca-34\/\">\n\t\t\t\t\t\tLembran\u00e7a 34\t\t\t\t\t<\/a>\n\t\t\t\t<\/h2>\n\t\t\t                                                                                <\/div><!-- .elementskit-entry-header END -->\n\n                                                                            <div class=\"elementskit-post-footer\">\n                                                                                            <p>Parque Regional de Manuten\u00e7\u00e3o da 1\u00aa Regi\u00e3o MilitarPor Iber\u00ea Mariano da Silva (\u25aa)&nbsp;&nbsp;&nbsp; 6\u00aa parte&nbsp;&nbsp;&nbsp;&nbsp;&nbsp; &nbsp;f. Material de Engenharia&nbsp;1.&nbsp;&nbsp;&nbsp;&nbsp;&nbsp; Introdu\u00e7\u00e3oA Se\u00e7\u00e3o de Manuten\u00e7\u00e3o de Material&hellip;<\/p>\n                                                                                                                                <\/div><!-- .elementskit-post-footer END -->\n                                                                    <\/div><!-- .elementskit-post-body END -->\n                            <\/div>\n                        <\/div>\n                    <\/div><!-- .elementskit-blog-block-post .radius .gradient-bg END -->\n                \n            <\/div>\n                    <div class=\"col-md-12\">\n\n                                    <div class=\"elementskit-blog-block-post\">\n                        <div class=\"row no-gutters\">\n                                                            <div class=\"col-md-6 order-1\">\n                                    <a href=\"https:\/\/cvmarj.org.br\/site\/index.php\/2022\/11\/05\/lembranca-33\/\" class=\"elementskit-entry-thumb\">\n                                        <img decoding=\"async\" src=\"https:\/\/cvmarj.org.br\/site\/wp-content\/uploads\/2022\/09\/64dff1e5-dc04-4a6f-b8a0-2a52aa6edfc3.jpg\" alt=\"Lembran\u00e7a 33\">\n                                    <\/a><!-- .elementskit-entry-thumb END -->\n                                <\/div>\n                            \n                            <div class=\"col-md-6 order-2\">\n                                <div class=\"elementskit-post-body \">\n                                    <div class=\"elementskit-entry-header\">\n                                        \n                                                                                            \t\t\t\t\t                                            \n                                            \n                                                                                            \t\t\t\t<h2 class=\"entry-title\">\n\t\t\t\t\t<a href=\"https:\/\/cvmarj.org.br\/site\/index.php\/2022\/11\/05\/lembranca-33\/\">\n\t\t\t\t\t\tLembran\u00e7a 33\t\t\t\t\t<\/a>\n\t\t\t\t<\/h2>\n\t\t\t                                                                                <\/div><!-- .elementskit-entry-header END -->\n\n                                                                            <div class=\"elementskit-post-footer\">\n                                                                                            <p>Parque Regional de Manuten\u00e7\u00e3o da 1\u00aa Regi\u00e3o MilitarPor Iber\u00ea Mariano da Silva (\u25aa). 5\u00aa parte&nbsp;e. Material de Motomecaniza\u00e7\u00e3o&nbsp;1.&nbsp;&nbsp;Finalidade.&nbsp;Detectar as avarias ocorridas de maneira sistem\u00e1tica nas&hellip;<\/p>\n                                                                                                                                <\/div><!-- .elementskit-post-footer END -->\n                                                                    <\/div><!-- .elementskit-post-body END -->\n                            <\/div>\n                        <\/div>\n                    <\/div><!-- .elementskit-blog-block-post .radius .gradient-bg END -->\n                \n            <\/div>\n                    <div class=\"col-md-12\">\n\n                                    <div class=\"elementskit-blog-block-post\">\n                        <div class=\"row no-gutters\">\n                                                            <div class=\"col-md-6 order-1\">\n                                    <a href=\"https:\/\/cvmarj.org.br\/site\/index.php\/2022\/10\/26\/lembranca-32\/\" class=\"elementskit-entry-thumb\">\n                                        <img decoding=\"async\" src=\"https:\/\/cvmarj.org.br\/site\/wp-content\/uploads\/2022\/09\/64dff1e5-dc04-4a6f-b8a0-2a52aa6edfc3.jpg\" alt=\"Lembran\u00e7a 32\">\n                                    <\/a><!-- .elementskit-entry-thumb END -->\n                                <\/div>\n                            \n                            <div class=\"col-md-6 order-2\">\n                                <div class=\"elementskit-post-body \">\n                                    <div class=\"elementskit-entry-header\">\n                                        \n                                                                                            \t\t\t\t\t                                            \n                                            \n                                                                                            \t\t\t\t<h2 class=\"entry-title\">\n\t\t\t\t\t<a href=\"https:\/\/cvmarj.org.br\/site\/index.php\/2022\/10\/26\/lembranca-32\/\">\n\t\t\t\t\t\tLembran\u00e7a 32\t\t\t\t\t<\/a>\n\t\t\t\t<\/h2>\n\t\t\t                                                                                <\/div><!-- .elementskit-entry-header END -->\n\n                                                                            <div class=\"elementskit-post-footer\">\n                                                                                            <p>Parque Regional de Manuten\u00e7\u00e3o da 1\u00aa Regi\u00e3o MilitarPor Iber\u00ea Mariano da Silva (\u25aa)&nbsp;&nbsp;&nbsp; 4\u00aa parte&nbsp;&nbsp;&nbsp;d. Material de Sa\u00fade&nbsp; Introdu\u00e7\u00e3oEste relat\u00f3rio visa apresentar as atividades desenvolvidas&hellip;<\/p>\n                                                                                                                                <\/div><!-- .elementskit-post-footer END -->\n                                                                    <\/div><!-- .elementskit-post-body END -->\n                            <\/div>\n                        <\/div>\n                    <\/div><!-- .elementskit-blog-block-post .radius .gradient-bg END -->\n                \n            <\/div>\n                    <div class=\"col-md-12\">\n\n                                    <div class=\"elementskit-blog-block-post\">\n                        <div class=\"row no-gutters\">\n                                                            <div class=\"col-md-6 order-1\">\n                                    <a href=\"https:\/\/cvmarj.org.br\/site\/index.php\/2022\/10\/19\/lembranca-31\/\" class=\"elementskit-entry-thumb\">\n                                        <img decoding=\"async\" src=\"https:\/\/cvmarj.org.br\/site\/wp-content\/uploads\/2022\/09\/64dff1e5-dc04-4a6f-b8a0-2a52aa6edfc3.jpg\" alt=\"Lembran\u00e7a 31\">\n                                    <\/a><!-- .elementskit-entry-thumb END -->\n                                <\/div>\n                            \n                            <div class=\"col-md-6 order-2\">\n                                <div class=\"elementskit-post-body \">\n                                    <div class=\"elementskit-entry-header\">\n                                        \n                                                                                            \t\t\t\t\t                                            \n                                            \n                                                                                            \t\t\t\t<h2 class=\"entry-title\">\n\t\t\t\t\t<a href=\"https:\/\/cvmarj.org.br\/site\/index.php\/2022\/10\/19\/lembranca-31\/\">\n\t\t\t\t\t\tLembran\u00e7a 31\t\t\t\t\t<\/a>\n\t\t\t\t<\/h2>\n\t\t\t                                                                                <\/div><!-- .elementskit-entry-header END -->\n\n                                                                            <div class=\"elementskit-post-footer\">\n                                                                                            <p>Parque Regional de Manuten\u00e7\u00e3o da 1\u00aa Regi\u00e3o MilitarPor Iber\u00ea Mariano da Silva (\u25aa) 3\u00aa parte. A Organiza\u00e7\u00e3o e os Primeiros dos trabalhos de Manuten\u00e7\u00e3o. As&hellip;<\/p>\n                                                                                                                                <\/div><!-- .elementskit-post-footer END -->\n                                                                    <\/div><!-- .elementskit-post-body END -->\n                            <\/div>\n                        <\/div>\n                    <\/div><!-- .elementskit-blog-block-post .radius .gradient-bg END -->\n                \n            <\/div>\n                    <div class=\"col-md-12\">\n\n                                    <div class=\"elementskit-blog-block-post\">\n                        <div class=\"row no-gutters\">\n                                                            <div class=\"col-md-6 order-1\">\n                                    <a href=\"https:\/\/cvmarj.org.br\/site\/index.php\/2022\/10\/15\/lembranca-30\/\" class=\"elementskit-entry-thumb\">\n                                        <img decoding=\"async\" src=\"https:\/\/cvmarj.org.br\/site\/wp-content\/uploads\/2022\/09\/64dff1e5-dc04-4a6f-b8a0-2a52aa6edfc3.jpg\" alt=\"Lembran\u00e7a 30\">\n                                    <\/a><!-- .elementskit-entry-thumb END -->\n                                <\/div>\n                            \n                            <div class=\"col-md-6 order-2\">\n                                <div class=\"elementskit-post-body \">\n                                    <div class=\"elementskit-entry-header\">\n                                        \n                                                                                            \t\t\t\t\t                                            \n                                            \n                                                                                            \t\t\t\t<h2 class=\"entry-title\">\n\t\t\t\t\t<a href=\"https:\/\/cvmarj.org.br\/site\/index.php\/2022\/10\/15\/lembranca-30\/\">\n\t\t\t\t\t\tLembran\u00e7a 30\t\t\t\t\t<\/a>\n\t\t\t\t<\/h2>\n\t\t\t                                                                                <\/div><!-- .elementskit-entry-header END -->\n\n                                                                            <div class=\"elementskit-post-footer\">\n                                                                                            <p>Parque Regional de Manuten\u00e7\u00e3o da 1\u00aa Regi\u00e3o MilitarPor Iber\u00ea Mariano da Silva (\u25aa)&nbsp;&nbsp;&nbsp; 2\u00aa &nbsp;parteOrganiza\u00e7\u00e3o do Pq R Mnt\/1 para o Recebimento do Material da&hellip;<\/p>\n                                                                                                                                <\/div><!-- .elementskit-post-footer END -->\n                                                                    <\/div><!-- .elementskit-post-body END -->\n                            <\/div>\n                        <\/div>\n                    <\/div><!-- .elementskit-blog-block-post .radius .gradient-bg END -->\n                \n            <\/div>\n                    <div class=\"col-md-12\">\n\n                                    <div class=\"elementskit-blog-block-post\">\n                        <div class=\"row no-gutters\">\n                                                            <div class=\"col-md-6 order-1\">\n                                    <a href=\"https:\/\/cvmarj.org.br\/site\/index.php\/2022\/10\/04\/lembranca-29\/\" class=\"elementskit-entry-thumb\">\n                                        <img decoding=\"async\" src=\"https:\/\/cvmarj.org.br\/site\/wp-content\/uploads\/2022\/09\/64dff1e5-dc04-4a6f-b8a0-2a52aa6edfc3.jpg\" alt=\"Lembran\u00e7a 29\">\n                                    <\/a><!-- .elementskit-entry-thumb END -->\n                                <\/div>\n                            \n                            <div class=\"col-md-6 order-2\">\n                                <div class=\"elementskit-post-body \">\n                                    <div class=\"elementskit-entry-header\">\n                                        \n                                                                                            \t\t\t\t\t                                            \n                                            \n                                                                                            \t\t\t\t<h2 class=\"entry-title\">\n\t\t\t\t\t<a href=\"https:\/\/cvmarj.org.br\/site\/index.php\/2022\/10\/04\/lembranca-29\/\">\n\t\t\t\t\t\tLembran\u00e7a 29\t\t\t\t\t<\/a>\n\t\t\t\t<\/h2>\n\t\t\t                                                                                <\/div><!-- .elementskit-entry-header END -->\n\n                                                                            <div class=\"elementskit-post-footer\">\n                                                                                            <p>Parque Regional de Manuten\u00e7\u00e3o da 1\u00aa Regi\u00e3o MilitarPor Iber\u00ea Mariano da Silva (\u25aa) &nbsp;&nbsp;&nbsp; 1\u00aa parte Fui nomeado diretor do Parque Regional de Manuten\u00e7\u00e3o da&hellip;<\/p>\n                                                                                                                                <\/div><!-- .elementskit-post-footer END -->\n                                                                    <\/div><!-- .elementskit-post-body END -->\n                            <\/div>\n                        <\/div>\n                    <\/div><!-- .elementskit-blog-block-post .radius .gradient-bg END -->\n                \n            <\/div>\n                    <div class=\"col-md-12\">\n\n                                    <div class=\"elementskit-blog-block-post\">\n                        <div class=\"row no-gutters\">\n                                                            <div class=\"col-md-6 order-1\">\n                                    <a href=\"https:\/\/cvmarj.org.br\/site\/index.php\/2022\/09\/28\/lembranca-28\/\" class=\"elementskit-entry-thumb\">\n                                        <img decoding=\"async\" src=\"https:\/\/cvmarj.org.br\/site\/wp-content\/uploads\/2022\/09\/64dff1e5-dc04-4a6f-b8a0-2a52aa6edfc3.jpg\" alt=\"Lembran\u00e7a 28\">\n                                    <\/a><!-- .elementskit-entry-thumb END -->\n                                <\/div>\n                            \n                            <div class=\"col-md-6 order-2\">\n                                <div class=\"elementskit-post-body \">\n                                    <div class=\"elementskit-entry-header\">\n                                        \n                                                                                            \t\t\t\t\t                                            \n                                            \n                                                                                            \t\t\t\t<h2 class=\"entry-title\">\n\t\t\t\t\t<a href=\"https:\/\/cvmarj.org.br\/site\/index.php\/2022\/09\/28\/lembranca-28\/\">\n\t\t\t\t\t\tLembran\u00e7a 28\t\t\t\t\t<\/a>\n\t\t\t\t<\/h2>\n\t\t\t                                                                                <\/div><!-- .elementskit-entry-header END -->\n\n                                                                            <div class=\"elementskit-post-footer\">\n                                                                                            <p>S\u00e9rie Sobre UNAVEM IIIPor Iber\u00ea Mariano da Silva (\u25aa) &nbsp;&nbsp;&nbsp; 2\u00aa parteO BATALH\u00c3O &nbsp;Ao chegarmos no corpo da guarda da sede do BRABAT, recebemos todo&hellip;<\/p>\n                                                                                                                                <\/div><!-- .elementskit-post-footer END -->\n                                                                    <\/div><!-- .elementskit-post-body END -->\n                            <\/div>\n                        <\/div>\n                    <\/div><!-- .elementskit-blog-block-post .radius .gradient-bg END -->\n                \n            <\/div>\n                    <div class=\"col-md-12\">\n\n                                    <div class=\"elementskit-blog-block-post\">\n                        <div class=\"row no-gutters\">\n                                                            <div class=\"col-md-6 order-1\">\n                                    <a href=\"https:\/\/cvmarj.org.br\/site\/index.php\/2022\/09\/22\/lembranca-26-2\/\" class=\"elementskit-entry-thumb\">\n                                        <img decoding=\"async\" src=\"https:\/\/cvmarj.org.br\/site\/wp-content\/uploads\/2022\/09\/64dff1e5-dc04-4a6f-b8a0-2a52aa6edfc3.jpg\" alt=\"Lembran\u00e7a 27\">\n                                    <\/a><!-- .elementskit-entry-thumb END -->\n                                <\/div>\n                            \n                            <div class=\"col-md-6 order-2\">\n                                <div class=\"elementskit-post-body \">\n                                    <div class=\"elementskit-entry-header\">\n                                        \n                                                                                            \t\t\t\t\t                                            \n                                            \n                                                                                            \t\t\t\t<h2 class=\"entry-title\">\n\t\t\t\t\t<a href=\"https:\/\/cvmarj.org.br\/site\/index.php\/2022\/09\/22\/lembranca-26-2\/\">\n\t\t\t\t\t\tLembran\u00e7a 27\t\t\t\t\t<\/a>\n\t\t\t\t<\/h2>\n\t\t\t                                                                                <\/div><!-- .elementskit-entry-header END -->\n\n                                                                            <div class=\"elementskit-post-footer\">\n                                                                                            <p>S\u00e9rie Sobre UNAVEM IIIPor Iber\u00ea Mariano da Silva (\u25aa)&nbsp;&nbsp; &nbsp;1\u00aa parte. Quando eu servia na SCT (Secretaria de Ci\u00eancia e Tecnologia), fui designado para uma&hellip;<\/p>\n                                                                                                                                <\/div><!-- .elementskit-post-footer END -->\n                                                                    <\/div><!-- .elementskit-post-body END -->\n                            <\/div>\n                        <\/div>\n                    <\/div><!-- .elementskit-blog-block-post .radius .gradient-bg END -->\n                \n            <\/div>\n                    <div class=\"col-md-12\">\n\n                                    <div class=\"elementskit-blog-block-post\">\n                        <div class=\"row no-gutters\">\n                                                            <div class=\"col-md-6 order-1\">\n                                    <a href=\"https:\/\/cvmarj.org.br\/site\/index.php\/2022\/09\/15\/lembranca-26\/\" class=\"elementskit-entry-thumb\">\n                                        <img decoding=\"async\" src=\"https:\/\/cvmarj.org.br\/site\/wp-content\/uploads\/2022\/09\/64dff1e5-dc04-4a6f-b8a0-2a52aa6edfc3.jpg\" alt=\"Lembran\u00e7a 26\">\n                                    <\/a><!-- .elementskit-entry-thumb END -->\n                                <\/div>\n                            \n                            <div class=\"col-md-6 order-2\">\n                                <div class=\"elementskit-post-body \">\n                                    <div class=\"elementskit-entry-header\">\n                                        \n                                                                                            \t\t\t\t\t                                            \n                                            \n                                                                                            \t\t\t\t<h2 class=\"entry-title\">\n\t\t\t\t\t<a href=\"https:\/\/cvmarj.org.br\/site\/index.php\/2022\/09\/15\/lembranca-26\/\">\n\t\t\t\t\t\tLembran\u00e7a 26\t\t\t\t\t<\/a>\n\t\t\t\t<\/h2>\n\t\t\t                                                                                <\/div><!-- .elementskit-entry-header END -->\n\n                                                                            <div class=\"elementskit-post-footer\">\n                                                                                            <p>Um Grande ComandantePor Iber\u00ea Mariano da Silva (\u25aa) Minha turma de Material B\u00e9lico na AMAN, turma Independ\u00eancia de 1967, &nbsp;foi classificada em dois grupos. Sete&hellip;<\/p>\n                                                                                                                                <\/div><!-- .elementskit-post-footer END -->\n                                                                    <\/div><!-- .elementskit-post-body END -->\n                            <\/div>\n                        <\/div>\n                    <\/div><!-- .elementskit-blog-block-post .radius .gradient-bg END -->\n                \n            <\/div>\n                    <div class=\"col-md-12\">\n\n                                    <div class=\"elementskit-blog-block-post\">\n                        <div class=\"row no-gutters\">\n                                                            <div class=\"col-md-6 order-1\">\n                                    <a href=\"https:\/\/cvmarj.org.br\/site\/index.php\/2022\/09\/09\/lembranca-25\/\" class=\"elementskit-entry-thumb\">\n                                        <img decoding=\"async\" src=\"https:\/\/cvmarj.org.br\/site\/wp-content\/uploads\/2022\/06\/64dff1e5-dc04-4a6f-b8a0-2a52aa6edfc3.jpg\" alt=\"Lembran\u00e7a 25\">\n                                    <\/a><!-- .elementskit-entry-thumb END -->\n                                <\/div>\n                            \n                            <div class=\"col-md-6 order-2\">\n                                <div class=\"elementskit-post-body \">\n                                    <div class=\"elementskit-entry-header\">\n                                        \n                                                                                            \t\t\t\t\t                                            \n                                            \n                                                                                            \t\t\t\t<h2 class=\"entry-title\">\n\t\t\t\t\t<a href=\"https:\/\/cvmarj.org.br\/site\/index.php\/2022\/09\/09\/lembranca-25\/\">\n\t\t\t\t\t\tLembran\u00e7a 25\t\t\t\t\t<\/a>\n\t\t\t\t<\/h2>\n\t\t\t                                                                                <\/div><!-- .elementskit-entry-header END -->\n\n                                                                            <div class=\"elementskit-post-footer\">\n                                                                                            <p>Inven\u00e7\u00f5es, Pesquisas e DesenvolvimentosPor Iber\u00ea Mariano da Silva (*) Grande parte da minha reminisc\u00eancia, eu escrevi como pref\u00e1cio para o \u00faltimo livro do meu grande&hellip;<\/p>\n                                                                                                                                <\/div><!-- .elementskit-post-footer END -->\n                                                                    <\/div><!-- .elementskit-post-body END -->\n                            <\/div>\n                        <\/div>\n                    <\/div><!-- .elementskit-blog-block-post .radius .gradient-bg END -->\n                \n            <\/div>\n                    <div class=\"col-md-12\">\n\n                                    <div class=\"elementskit-blog-block-post\">\n                        <div class=\"row no-gutters\">\n                                                            <div class=\"col-md-6 order-1\">\n                                    <a href=\"https:\/\/cvmarj.org.br\/site\/index.php\/2022\/08\/31\/lembranca-24\/\" class=\"elementskit-entry-thumb\">\n                                        <img decoding=\"async\" src=\"https:\/\/cvmarj.org.br\/site\/wp-content\/uploads\/2022\/06\/64dff1e5-dc04-4a6f-b8a0-2a52aa6edfc3.jpg\" alt=\"Lembran\u00e7a 24\">\n                                    <\/a><!-- .elementskit-entry-thumb END -->\n                                <\/div>\n                            \n                            <div class=\"col-md-6 order-2\">\n                                <div class=\"elementskit-post-body \">\n                                    <div class=\"elementskit-entry-header\">\n                                        \n                                                                                            \t\t\t\t\t                                            \n                                            \n                                                                                            \t\t\t\t<h2 class=\"entry-title\">\n\t\t\t\t\t<a href=\"https:\/\/cvmarj.org.br\/site\/index.php\/2022\/08\/31\/lembranca-24\/\">\n\t\t\t\t\t\tLembran\u00e7a 24\t\t\t\t\t<\/a>\n\t\t\t\t<\/h2>\n\t\t\t                                                                                <\/div><!-- .elementskit-entry-header END -->\n\n                                                                            <div class=\"elementskit-post-footer\">\n                                                                                            <p>Minhas Lembran\u00e7as e Participa\u00e7\u00f5es na \u00c1rea de M\u00edsseis e Foguetes (parte4)Por Iber\u00ea Mariano da Silva. Em princ\u00edpio eu n\u00e3o queria ir para a Fran\u00e7a devido&hellip;<\/p>\n                                                                                                                                <\/div><!-- .elementskit-post-footer END -->\n                                                                    <\/div><!-- .elementskit-post-body END -->\n                            <\/div>\n                        <\/div>\n                    <\/div><!-- .elementskit-blog-block-post .radius .gradient-bg END -->\n                \n            <\/div>\n                    <div class=\"col-md-12\">\n\n                                    <div class=\"elementskit-blog-block-post\">\n                        <div class=\"row no-gutters\">\n                                                            <div class=\"col-md-6 order-1\">\n                                    <a href=\"https:\/\/cvmarj.org.br\/site\/index.php\/2022\/08\/24\/lembranca-23\/\" class=\"elementskit-entry-thumb\">\n                                        <img decoding=\"async\" src=\"https:\/\/cvmarj.org.br\/site\/wp-content\/uploads\/2022\/06\/64dff1e5-dc04-4a6f-b8a0-2a52aa6edfc3.jpg\" alt=\"Lembran\u00e7a 23\">\n                                    <\/a><!-- .elementskit-entry-thumb END -->\n                                <\/div>\n                            \n                            <div class=\"col-md-6 order-2\">\n                                <div class=\"elementskit-post-body \">\n                                    <div class=\"elementskit-entry-header\">\n                                        \n                                                                                            \t\t\t\t\t                                            \n                                            \n                                                                                            \t\t\t\t<h2 class=\"entry-title\">\n\t\t\t\t\t<a href=\"https:\/\/cvmarj.org.br\/site\/index.php\/2022\/08\/24\/lembranca-23\/\">\n\t\t\t\t\t\tLembran\u00e7a 23\t\t\t\t\t<\/a>\n\t\t\t\t<\/h2>\n\t\t\t                                                                                <\/div><!-- .elementskit-entry-header END -->\n\n                                                                            <div class=\"elementskit-post-footer\">\n                                                                                            <p>Minhas Lembran\u00e7as e Participa\u00e7\u00f5es na \u00c1rea de M\u00edsseis e Foguetes (parte3)Por Iber\u00ea Mariano da Silva. Ao t\u00e9rmino do Curso de Mestrado em Engenharia Nuclear na&hellip;<\/p>\n                                                                                                                                <\/div><!-- .elementskit-post-footer END -->\n                                                                    <\/div><!-- .elementskit-post-body END -->\n                            <\/div>\n                        <\/div>\n                    <\/div><!-- .elementskit-blog-block-post .radius .gradient-bg END -->\n                \n            <\/div>\n                    <div class=\"col-md-12\">\n\n                                    <div class=\"elementskit-blog-block-post\">\n                        <div class=\"row no-gutters\">\n                                                            <div class=\"col-md-6 order-1\">\n                                    <a href=\"https:\/\/cvmarj.org.br\/site\/index.php\/2022\/08\/17\/lembranca-22\/\" class=\"elementskit-entry-thumb\">\n                                        <img decoding=\"async\" src=\"https:\/\/cvmarj.org.br\/site\/wp-content\/uploads\/2022\/06\/64dff1e5-dc04-4a6f-b8a0-2a52aa6edfc3.jpg\" alt=\"Lembran\u00e7a 22\">\n                                    <\/a><!-- .elementskit-entry-thumb END -->\n                                <\/div>\n                            \n                            <div class=\"col-md-6 order-2\">\n                                <div class=\"elementskit-post-body \">\n                                    <div class=\"elementskit-entry-header\">\n                                        \n                                                                                            \t\t\t\t\t                                            \n                                            \n                                                                                            \t\t\t\t<h2 class=\"entry-title\">\n\t\t\t\t\t<a href=\"https:\/\/cvmarj.org.br\/site\/index.php\/2022\/08\/17\/lembranca-22\/\">\n\t\t\t\t\t\tLembran\u00e7a 22\t\t\t\t\t<\/a>\n\t\t\t\t<\/h2>\n\t\t\t                                                                                <\/div><!-- .elementskit-entry-header END -->\n\n                                                                            <div class=\"elementskit-post-footer\">\n                                                                                            <p>Minhas Lembran\u00e7as e Participa\u00e7\u00f5es na \u00c1rea de M\u00edsseis e Foguetes ( parte2 )Por Iber\u00ea Mariano da Silva. Em 25 de agosto de 1968, fomos promovidos&hellip;<\/p>\n                                                                                                                                <\/div><!-- .elementskit-post-footer END -->\n                                                                    <\/div><!-- .elementskit-post-body END -->\n                            <\/div>\n                        <\/div>\n                    <\/div><!-- .elementskit-blog-block-post .radius .gradient-bg END -->\n                \n            <\/div>\n                    <div class=\"col-md-12\">\n\n                                    <div class=\"elementskit-blog-block-post\">\n                        <div class=\"row no-gutters\">\n                                                            <div class=\"col-md-6 order-1\">\n                                    <a href=\"https:\/\/cvmarj.org.br\/site\/index.php\/2022\/08\/10\/lembranca-21\/\" class=\"elementskit-entry-thumb\">\n                                        <img decoding=\"async\" src=\"https:\/\/cvmarj.org.br\/site\/wp-content\/uploads\/2022\/06\/64dff1e5-dc04-4a6f-b8a0-2a52aa6edfc3.jpg\" alt=\"Lembran\u00e7a 21\">\n                                    <\/a><!-- .elementskit-entry-thumb END -->\n                                <\/div>\n                            \n                            <div class=\"col-md-6 order-2\">\n                                <div class=\"elementskit-post-body \">\n                                    <div class=\"elementskit-entry-header\">\n                                        \n                                                                                            \t\t\t\t\t                                            \n                                            \n                                                                                            \t\t\t\t<h2 class=\"entry-title\">\n\t\t\t\t\t<a href=\"https:\/\/cvmarj.org.br\/site\/index.php\/2022\/08\/10\/lembranca-21\/\">\n\t\t\t\t\t\tLembran\u00e7a 21\t\t\t\t\t<\/a>\n\t\t\t\t<\/h2>\n\t\t\t                                                                                <\/div><!-- .elementskit-entry-header END -->\n\n                                                                            <div class=\"elementskit-post-footer\">\n                                                                                            <p>Minhas Lembran\u00e7as e Participa\u00e7\u00f5es na \u00c1rea de M\u00edsseis e Foguetes (parte 1). Por Iber\u00ea Mariano da Silva&nbsp;Para falar de m\u00edsseis e foguetes, precisamos por um&hellip;<\/p>\n                                                                                                                                <\/div><!-- .elementskit-post-footer END -->\n                                                                    <\/div><!-- .elementskit-post-body END -->\n                            <\/div>\n                        <\/div>\n                    <\/div><!-- .elementskit-blog-block-post .radius .gradient-bg END -->\n                \n            <\/div>\n                    <div class=\"col-md-12\">\n\n                                    <div class=\"elementskit-blog-block-post\">\n                        <div class=\"row no-gutters\">\n                                                            <div class=\"col-md-6 order-1\">\n                                    <a href=\"https:\/\/cvmarj.org.br\/site\/index.php\/2022\/08\/03\/lembranca-20\/\" class=\"elementskit-entry-thumb\">\n                                        <img decoding=\"async\" src=\"https:\/\/cvmarj.org.br\/site\/wp-content\/uploads\/2022\/06\/64dff1e5-dc04-4a6f-b8a0-2a52aa6edfc3.jpg\" alt=\"Lembran\u00e7a 20\">\n                                    <\/a><!-- .elementskit-entry-thumb END -->\n                                <\/div>\n                            \n                            <div class=\"col-md-6 order-2\">\n                                <div class=\"elementskit-post-body \">\n                                    <div class=\"elementskit-entry-header\">\n                                        \n                                                                                            \t\t\t\t\t                                            \n                                            \n                                                                                            \t\t\t\t<h2 class=\"entry-title\">\n\t\t\t\t\t<a href=\"https:\/\/cvmarj.org.br\/site\/index.php\/2022\/08\/03\/lembranca-20\/\">\n\t\t\t\t\t\tLembran\u00e7a 20\t\t\t\t\t<\/a>\n\t\t\t\t<\/h2>\n\t\t\t                                                                                <\/div><!-- .elementskit-entry-header END -->\n\n                                                                            <div class=\"elementskit-post-footer\">\n                                                                                            <p>A Apresenta\u00e7\u00e3o.&nbsp;Por Iber\u00ea Mariano da Silva. N\u00f3s, os sete Aspirantes que fomos classificados no Batalh\u00e3o de Manuten\u00e7\u00e3o da Divis\u00e3o Blindada, decidimos nos apresentar juntos. Adentramos&hellip;<\/p>\n                                                                                                                                <\/div><!-- .elementskit-post-footer END -->\n                                                                    <\/div><!-- .elementskit-post-body END -->\n                            <\/div>\n                        <\/div>\n                    <\/div><!-- .elementskit-blog-block-post .radius .gradient-bg END -->\n                \n            <\/div>\n                    <div class=\"col-md-12\">\n\n                                    <div class=\"elementskit-blog-block-post\">\n                        <div class=\"row no-gutters\">\n                                                            <div class=\"col-md-6 order-1\">\n                                    <a href=\"https:\/\/cvmarj.org.br\/site\/index.php\/2022\/07\/25\/lembranca-19\/\" class=\"elementskit-entry-thumb\">\n                                        <img decoding=\"async\" src=\"https:\/\/cvmarj.org.br\/site\/wp-content\/uploads\/2022\/06\/64dff1e5-dc04-4a6f-b8a0-2a52aa6edfc3.jpg\" alt=\"Lembran\u00e7a 19\">\n                                    <\/a><!-- .elementskit-entry-thumb END -->\n                                <\/div>\n                            \n                            <div class=\"col-md-6 order-2\">\n                                <div class=\"elementskit-post-body \">\n                                    <div class=\"elementskit-entry-header\">\n                                        \n                                                                                            \t\t\t\t\t                                            \n                                            \n                                                                                            \t\t\t\t<h2 class=\"entry-title\">\n\t\t\t\t\t<a href=\"https:\/\/cvmarj.org.br\/site\/index.php\/2022\/07\/25\/lembranca-19\/\">\n\t\t\t\t\t\tLembran\u00e7a 19\t\t\t\t\t<\/a>\n\t\t\t\t<\/h2>\n\t\t\t                                                                                <\/div><!-- .elementskit-entry-header END -->\n\n                                                                            <div class=\"elementskit-post-footer\">\n                                                                                            <p>Sobrevoando a Amaz\u00f4niaPor Iber\u00ea Mariano da Silva. A primeira vez que sobrevoei a Amaz\u00f4nia foi ao t\u00e9rmino do curso de Mestre Salto. Ao finalizar o&hellip;<\/p>\n                                                                                                                                <\/div><!-- .elementskit-post-footer END -->\n                                                                    <\/div><!-- .elementskit-post-body END -->\n                            <\/div>\n                        <\/div>\n                    <\/div><!-- .elementskit-blog-block-post .radius .gradient-bg END -->\n                \n            <\/div>\n                    <div class=\"col-md-12\">\n\n                                    <div class=\"elementskit-blog-block-post\">\n                        <div class=\"row no-gutters\">\n                                                            <div class=\"col-md-6 order-1\">\n                                    <a href=\"https:\/\/cvmarj.org.br\/site\/index.php\/2022\/07\/13\/lembranca-18\/\" class=\"elementskit-entry-thumb\">\n                                        <img decoding=\"async\" src=\"https:\/\/cvmarj.org.br\/site\/wp-content\/uploads\/2022\/06\/64dff1e5-dc04-4a6f-b8a0-2a52aa6edfc3.jpg\" alt=\"Lembran\u00e7a 18\">\n                                    <\/a><!-- .elementskit-entry-thumb END -->\n                                <\/div>\n                            \n                            <div class=\"col-md-6 order-2\">\n                                <div class=\"elementskit-post-body \">\n                                    <div class=\"elementskit-entry-header\">\n                                        \n                                                                                            \t\t\t\t\t                                            \n                                            \n                                                                                            \t\t\t\t<h2 class=\"entry-title\">\n\t\t\t\t\t<a href=\"https:\/\/cvmarj.org.br\/site\/index.php\/2022\/07\/13\/lembranca-18\/\">\n\t\t\t\t\t\tLembran\u00e7a 18\t\t\t\t\t<\/a>\n\t\t\t\t<\/h2>\n\t\t\t                                                                                <\/div><!-- .elementskit-entry-header END -->\n\n                                                                            <div class=\"elementskit-post-footer\">\n                                                                                            <p>Uma Companhia de Material B\u00e9lico em Forma\u00e7\u00e3o,&nbsp; 2\u00aa partePor Iber\u00ea Mariano da Silva. J\u00e1 t\u00ednhamos mobili\u00e1rio para os alojamentos, para o gabinete do comando e&hellip;<\/p>\n                                                                                                                                <\/div><!-- .elementskit-post-footer END -->\n                                                                    <\/div><!-- .elementskit-post-body END -->\n                            <\/div>\n                        <\/div>\n                    <\/div><!-- .elementskit-blog-block-post .radius .gradient-bg END -->\n                \n            <\/div>\n                    <div class=\"col-md-12\">\n\n                                    <div class=\"elementskit-blog-block-post\">\n                        <div class=\"row no-gutters\">\n                                                            <div class=\"col-md-6 order-1\">\n                                    <a href=\"https:\/\/cvmarj.org.br\/site\/index.php\/2022\/07\/06\/lembranca-17\/\" class=\"elementskit-entry-thumb\">\n                                        <img decoding=\"async\" src=\"https:\/\/cvmarj.org.br\/site\/wp-content\/uploads\/2022\/06\/64dff1e5-dc04-4a6f-b8a0-2a52aa6edfc3.jpg\" alt=\"Lembran\u00e7a 17\">\n                                    <\/a><!-- .elementskit-entry-thumb END -->\n                                <\/div>\n                            \n                            <div class=\"col-md-6 order-2\">\n                                <div class=\"elementskit-post-body \">\n                                    <div class=\"elementskit-entry-header\">\n                                        \n                                                                                            \t\t\t\t\t                                            \n                                            \n                                                                                            \t\t\t\t<h2 class=\"entry-title\">\n\t\t\t\t\t<a href=\"https:\/\/cvmarj.org.br\/site\/index.php\/2022\/07\/06\/lembranca-17\/\">\n\t\t\t\t\t\tLembran\u00e7a 17\t\t\t\t\t<\/a>\n\t\t\t\t<\/h2>\n\t\t\t                                                                                <\/div><!-- .elementskit-entry-header END -->\n\n                                                                            <div class=\"elementskit-post-footer\">\n                                                                                            <p>Uma Companhia de Material B\u00e9lico em Forma\u00e7\u00e3o. Por Iber\u00ea Mariano da Silva. A 12\u00aa Cia Mat Bel &nbsp;foi criada a partir da mudan\u00e7a do CMA&hellip;<\/p>\n                                                                                                                                <\/div><!-- .elementskit-post-footer END -->\n                                                                    <\/div><!-- .elementskit-post-body END -->\n                            <\/div>\n                        <\/div>\n                    <\/div><!-- .elementskit-blog-block-post .radius .gradient-bg END -->\n                \n            <\/div>\n                    <div class=\"col-md-12\">\n\n                                    <div class=\"elementskit-blog-block-post\">\n                        <div class=\"row no-gutters\">\n                                                            <div class=\"col-md-6 order-1\">\n                                    <a href=\"https:\/\/cvmarj.org.br\/site\/index.php\/2022\/06\/29\/lembranca-16\/\" class=\"elementskit-entry-thumb\">\n                                        <img decoding=\"async\" src=\"https:\/\/cvmarj.org.br\/site\/wp-content\/uploads\/2022\/06\/64dff1e5-dc04-4a6f-b8a0-2a52aa6edfc3.jpg\" alt=\"Lembran\u00e7a 16\">\n                                    <\/a><!-- .elementskit-entry-thumb END -->\n                                <\/div>\n                            \n                            <div class=\"col-md-6 order-2\">\n                                <div class=\"elementskit-post-body \">\n                                    <div class=\"elementskit-entry-header\">\n                                        \n                                                                                            \t\t\t\t\t                                            \n                                            \n                                                                                            \t\t\t\t<h2 class=\"entry-title\">\n\t\t\t\t\t<a href=\"https:\/\/cvmarj.org.br\/site\/index.php\/2022\/06\/29\/lembranca-16\/\">\n\t\t\t\t\t\tLembran\u00e7a 16\t\t\t\t\t<\/a>\n\t\t\t\t<\/h2>\n\t\t\t                                                                                <\/div><!-- .elementskit-entry-header END -->\n\n                                                                            <div class=\"elementskit-post-footer\">\n                                                                                            <p>&#8220;Olho Local!&#8221;&nbsp;Por Iber\u00ea Mariano da Silva&nbsp;Um dia, ap\u00f3s a visita de um Tenente que servia na fronteira e sua esposa, o meu Comandante Major Haroldo&hellip;<\/p>\n                                                                                                                                <\/div><!-- .elementskit-post-footer END -->\n                                                                    <\/div><!-- .elementskit-post-body END -->\n                            <\/div>\n                        <\/div>\n                    <\/div><!-- .elementskit-blog-block-post .radius .gradient-bg END -->\n                \n            <\/div>\n                    <div class=\"col-md-12\">\n\n                                    <div class=\"elementskit-blog-block-post\">\n                        <div class=\"row no-gutters\">\n                                                            <div class=\"col-md-6 order-1\">\n                                    <a href=\"https:\/\/cvmarj.org.br\/site\/index.php\/2022\/06\/22\/lembranca-15\/\" class=\"elementskit-entry-thumb\">\n                                        <img decoding=\"async\" src=\"https:\/\/cvmarj.org.br\/site\/wp-content\/uploads\/2022\/05\/64dff1e5-dc04-4a6f-b8a0-2a52aa6edfc3.jpg\" alt=\"Lembran\u00e7a 15\">\n                                    <\/a><!-- .elementskit-entry-thumb END -->\n                                <\/div>\n                            \n                            <div class=\"col-md-6 order-2\">\n                                <div class=\"elementskit-post-body \">\n                                    <div class=\"elementskit-entry-header\">\n                                        \n                                                                                            \t\t\t\t\t                                            \n                                            \n                                                                                            \t\t\t\t<h2 class=\"entry-title\">\n\t\t\t\t\t<a href=\"https:\/\/cvmarj.org.br\/site\/index.php\/2022\/06\/22\/lembranca-15\/\">\n\t\t\t\t\t\tLembran\u00e7a 15\t\t\t\t\t<\/a>\n\t\t\t\t<\/h2>\n\t\t\t                                                                                <\/div><!-- .elementskit-entry-header END -->\n\n                                                                            <div class=\"elementskit-post-footer\">\n                                                                                            <p>Minha passagem por Manaus Por Iber\u00ea Mariano da SilvaA Transfer\u00eancia do CMA O Comando Militar da Amaz\u00f4nia (CMA) foi criado em 17 de outubro de&hellip;<\/p>\n                                                                                                                                <\/div><!-- .elementskit-post-footer END -->\n                                                                    <\/div><!-- .elementskit-post-body END -->\n                            <\/div>\n                        <\/div>\n                    <\/div><!-- .elementskit-blog-block-post .radius .gradient-bg END -->\n                \n            <\/div>\n                    <div class=\"col-md-12\">\n\n                                    <div class=\"elementskit-blog-block-post\">\n                        <div class=\"row no-gutters\">\n                                                            <div class=\"col-md-6 order-1\">\n                                    <a href=\"https:\/\/cvmarj.org.br\/site\/index.php\/2022\/06\/15\/lembranca-14\/\" class=\"elementskit-entry-thumb\">\n                                        <img decoding=\"async\" src=\"https:\/\/cvmarj.org.br\/site\/wp-content\/uploads\/2022\/05\/64dff1e5-dc04-4a6f-b8a0-2a52aa6edfc3.jpg\" alt=\"Lembran\u00e7a 14\">\n                                    <\/a><!-- .elementskit-entry-thumb END -->\n                                <\/div>\n                            \n                            <div class=\"col-md-6 order-2\">\n                                <div class=\"elementskit-post-body \">\n                                    <div class=\"elementskit-entry-header\">\n                                        \n                                                                                            \t\t\t\t\t                                            \n                                            \n                                                                                            \t\t\t\t<h2 class=\"entry-title\">\n\t\t\t\t\t<a href=\"https:\/\/cvmarj.org.br\/site\/index.php\/2022\/06\/15\/lembranca-14\/\">\n\t\t\t\t\t\tLembran\u00e7a 14\t\t\t\t\t<\/a>\n\t\t\t\t<\/h2>\n\t\t\t                                                                                <\/div><!-- .elementskit-entry-header END -->\n\n                                                                            <div class=\"elementskit-post-footer\">\n                                                                                            <p>Vai L\u00e1 para Baixo ?Por Iber\u00ea Mariano da Silva L\u00e1 em Manaus, em 1970, quando se perguntava :_\u201d Vai l\u00e1 para baixo ou Vai descer\u201d,&hellip;<\/p>\n                                                                                                                                <\/div><!-- .elementskit-post-footer END -->\n                                                                    <\/div><!-- .elementskit-post-body END -->\n                            <\/div>\n                        <\/div>\n                    <\/div><!-- .elementskit-blog-block-post .radius .gradient-bg END -->\n                \n            <\/div>\n                    <div class=\"col-md-12\">\n\n                                    <div class=\"elementskit-blog-block-post\">\n                        <div class=\"row no-gutters\">\n                                                            <div class=\"col-md-6 order-1\">\n                                    <a href=\"https:\/\/cvmarj.org.br\/site\/index.php\/2022\/06\/08\/lembranca-13\/\" class=\"elementskit-entry-thumb\">\n                                        <img decoding=\"async\" src=\"https:\/\/cvmarj.org.br\/site\/wp-content\/uploads\/2022\/05\/64dff1e5-dc04-4a6f-b8a0-2a52aa6edfc3.jpg\" alt=\"Lembran\u00e7a 13\">\n                                    <\/a><!-- .elementskit-entry-thumb END -->\n                                <\/div>\n                            \n                            <div class=\"col-md-6 order-2\">\n                                <div class=\"elementskit-post-body \">\n                                    <div class=\"elementskit-entry-header\">\n                                        \n                                                                                            \t\t\t\t\t                                            \n                                            \n                                                                                            \t\t\t\t<h2 class=\"entry-title\">\n\t\t\t\t\t<a href=\"https:\/\/cvmarj.org.br\/site\/index.php\/2022\/06\/08\/lembranca-13\/\">\n\t\t\t\t\t\tLembran\u00e7a 13\t\t\t\t\t<\/a>\n\t\t\t\t<\/h2>\n\t\t\t                                                                                <\/div><!-- .elementskit-entry-header END -->\n\n                                                                            <div class=\"elementskit-post-footer\">\n                                                                                            <p>Escola de Sambapor Iber\u00ea Mariano da Silva. Na 12\u00aa Cia de Material B\u00e9lico, em forma\u00e7\u00e3o, a grande maioria dos pra\u00e7as tinha sido transferido de Recife.&hellip;<\/p>\n                                                                                                                                <\/div><!-- .elementskit-post-footer END -->\n                                                                    <\/div><!-- .elementskit-post-body END -->\n                            <\/div>\n                        <\/div>\n                    <\/div><!-- .elementskit-blog-block-post .radius .gradient-bg END -->\n                \n            <\/div>\n                    <div class=\"col-md-12\">\n\n                                    <div class=\"elementskit-blog-block-post\">\n                        <div class=\"row no-gutters\">\n                                                            <div class=\"col-md-6 order-1\">\n                                    <a href=\"https:\/\/cvmarj.org.br\/site\/index.php\/2022\/06\/01\/lembranca-12\/\" class=\"elementskit-entry-thumb\">\n                                        <img decoding=\"async\" src=\"https:\/\/cvmarj.org.br\/site\/wp-content\/uploads\/2022\/05\/64dff1e5-dc04-4a6f-b8a0-2a52aa6edfc3.jpg\" alt=\"Lembran\u00e7a 12\">\n                                    <\/a><!-- .elementskit-entry-thumb END -->\n                                <\/div>\n                            \n                            <div class=\"col-md-6 order-2\">\n                                <div class=\"elementskit-post-body \">\n                                    <div class=\"elementskit-entry-header\">\n                                        \n                                                                                            \t\t\t\t\t                                            \n                                            \n                                                                                            \t\t\t\t<h2 class=\"entry-title\">\n\t\t\t\t\t<a href=\"https:\/\/cvmarj.org.br\/site\/index.php\/2022\/06\/01\/lembranca-12\/\">\n\t\t\t\t\t\tLembran\u00e7a 12\t\t\t\t\t<\/a>\n\t\t\t\t<\/h2>\n\t\t\t                                                                                <\/div><!-- .elementskit-entry-header END -->\n\n                                                                            <div class=\"elementskit-post-footer\">\n                                                                                            <p>&#8220;CADETE, IDES COMANDAR, APRENDEI A OBEDECER&#8221;.&nbsp;&nbsp;&nbsp;&nbsp;&nbsp;&nbsp;&nbsp;&nbsp;&nbsp;&nbsp;&nbsp;&nbsp;&nbsp;&nbsp;&nbsp;&nbsp;&nbsp;&nbsp;&nbsp;&nbsp;&nbsp;&nbsp;&nbsp;&nbsp;&nbsp;&nbsp;&nbsp;Por Iber\u00ea Mariano da Silva.&nbsp;&nbsp;&nbsp;&nbsp;&nbsp;&nbsp;&nbsp;&nbsp;Ao ser declarado Aspirante fui designado para servir na Divis\u00e3o Blindada Comandada pelo Gen Ramiro Tavares&hellip;<\/p>\n                                                                                                                                <\/div><!-- .elementskit-post-footer END -->\n                                                                    <\/div><!-- .elementskit-post-body END -->\n                            <\/div>\n                        <\/div>\n                    <\/div><!-- .elementskit-blog-block-post .radius .gradient-bg END -->\n                \n            <\/div>\n                    <div class=\"col-md-12\">\n\n                                    <div class=\"elementskit-blog-block-post\">\n                        <div class=\"row no-gutters\">\n                                                            <div class=\"col-md-6 order-1\">\n                                    <a href=\"https:\/\/cvmarj.org.br\/site\/index.php\/2022\/05\/25\/lembranca-11\/\" class=\"elementskit-entry-thumb\">\n                                        <img decoding=\"async\" src=\"https:\/\/cvmarj.org.br\/site\/wp-content\/uploads\/2022\/05\/64dff1e5-dc04-4a6f-b8a0-2a52aa6edfc3.jpg\" alt=\"Lembran\u00e7a 11\">\n                                    <\/a><!-- .elementskit-entry-thumb END -->\n                                <\/div>\n                            \n                            <div class=\"col-md-6 order-2\">\n                                <div class=\"elementskit-post-body \">\n                                    <div class=\"elementskit-entry-header\">\n                                        \n                                                                                            \t\t\t\t\t                                            \n                                            \n                                                                                            \t\t\t\t<h2 class=\"entry-title\">\n\t\t\t\t\t<a href=\"https:\/\/cvmarj.org.br\/site\/index.php\/2022\/05\/25\/lembranca-11\/\">\n\t\t\t\t\t\tLembran\u00e7a 11\t\t\t\t\t<\/a>\n\t\t\t\t<\/h2>\n\t\t\t                                                                                <\/div><!-- .elementskit-entry-header END -->\n\n                                                                            <div class=\"elementskit-post-footer\">\n                                                                                            <p>Esgoto de Manauspor Iber\u00ea Mariano da Silva Num domingo, com a esposa, fomos ao mercado flutuante de Manaus. Na sa\u00edda, olho para o ch\u00e3o e&hellip;<\/p>\n                                                                                                                                <\/div><!-- .elementskit-post-footer END -->\n                                                                    <\/div><!-- .elementskit-post-body END -->\n                            <\/div>\n                        <\/div>\n                    <\/div><!-- .elementskit-blog-block-post .radius .gradient-bg END -->\n                \n            <\/div>\n                    <div class=\"col-md-12\">\n\n                                    <div class=\"elementskit-blog-block-post\">\n                        <div class=\"row no-gutters\">\n                                                            <div class=\"col-md-6 order-1\">\n                                    <a href=\"https:\/\/cvmarj.org.br\/site\/index.php\/2022\/05\/17\/lembranca-10\/\" class=\"elementskit-entry-thumb\">\n                                        <img decoding=\"async\" src=\"https:\/\/cvmarj.org.br\/site\/wp-content\/uploads\/2022\/05\/64dff1e5-dc04-4a6f-b8a0-2a52aa6edfc3.jpg\" alt=\"Lembran\u00e7a 10\">\n                                    <\/a><!-- .elementskit-entry-thumb END -->\n                                <\/div>\n                            \n                            <div class=\"col-md-6 order-2\">\n                                <div class=\"elementskit-post-body \">\n                                    <div class=\"elementskit-entry-header\">\n                                        \n                                                                                            \t\t\t\t\t                                            \n                                            \n                                                                                            \t\t\t\t<h2 class=\"entry-title\">\n\t\t\t\t\t<a href=\"https:\/\/cvmarj.org.br\/site\/index.php\/2022\/05\/17\/lembranca-10\/\">\n\t\t\t\t\t\tLembran\u00e7a 10\t\t\t\t\t<\/a>\n\t\t\t\t<\/h2>\n\t\t\t                                                                                <\/div><!-- .elementskit-entry-header END -->\n\n                                                                            <div class=\"elementskit-post-footer\">\n                                                                                            <p>Tiro Ioi\u00f4por Iber\u00ea Mariano da Silva Na \u00e9poca em que cheguei em Manaus, (1970), havia uma esp\u00e9cie de diretriz, que todos Oficiais que viajavam muito&hellip;<\/p>\n                                                                                                                                <\/div><!-- .elementskit-post-footer END -->\n                                                                    <\/div><!-- .elementskit-post-body END -->\n                            <\/div>\n                        <\/div>\n                    <\/div><!-- .elementskit-blog-block-post .radius .gradient-bg END -->\n                \n            <\/div>\n                    <div class=\"col-md-12\">\n\n                                    <div class=\"elementskit-blog-block-post\">\n                        <div class=\"row no-gutters\">\n                                                            <div class=\"col-md-6 order-1\">\n                                    <a href=\"https:\/\/cvmarj.org.br\/site\/index.php\/2022\/05\/11\/lembranca-09\/\" class=\"elementskit-entry-thumb\">\n                                        <img decoding=\"async\" src=\"https:\/\/cvmarj.org.br\/site\/wp-content\/uploads\/2022\/05\/64dff1e5-dc04-4a6f-b8a0-2a52aa6edfc3.jpg\" alt=\"Lembran\u00e7a 09\">\n                                    <\/a><!-- .elementskit-entry-thumb END -->\n                                <\/div>\n                            \n                            <div class=\"col-md-6 order-2\">\n                                <div class=\"elementskit-post-body \">\n                                    <div class=\"elementskit-entry-header\">\n                                        \n                                                                                            \t\t\t\t\t                                            \n                                            \n                                                                                            \t\t\t\t<h2 class=\"entry-title\">\n\t\t\t\t\t<a href=\"https:\/\/cvmarj.org.br\/site\/index.php\/2022\/05\/11\/lembranca-09\/\">\n\t\t\t\t\t\tLembran\u00e7a 09\t\t\t\t\t<\/a>\n\t\t\t\t<\/h2>\n\t\t\t                                                                                <\/div><!-- .elementskit-entry-header END -->\n\n                                                                            <div class=\"elementskit-post-footer\">\n                                                                                            <p>Rec\u00e9m-Casados, A Miss\u00e3oPor Iber\u00ea Mariano da Silva. Ao ser declarado Aspirante a Oficial em 16 de dezembro de 1967, fui classificado no Batalh\u00e3o de Manuten\u00e7\u00e3o&hellip;<\/p>\n                                                                                                                                <\/div><!-- .elementskit-post-footer END -->\n                                                                    <\/div><!-- .elementskit-post-body END -->\n                            <\/div>\n                        <\/div>\n                    <\/div><!-- .elementskit-blog-block-post .radius .gradient-bg END -->\n                \n            <\/div>\n                    <div class=\"col-md-12\">\n\n                                    <div class=\"elementskit-blog-block-post\">\n                        <div class=\"row no-gutters\">\n                                                            <div class=\"col-md-6 order-1\">\n                                    <a href=\"https:\/\/cvmarj.org.br\/site\/index.php\/2022\/05\/04\/lembranca-08\/\" class=\"elementskit-entry-thumb\">\n                                        <img decoding=\"async\" src=\"https:\/\/cvmarj.org.br\/site\/wp-content\/uploads\/2022\/03\/64dff1e5-dc04-4a6f-b8a0-2a52aa6edfc3.jpg\" alt=\"Lembran\u00e7a 08\">\n                                    <\/a><!-- .elementskit-entry-thumb END -->\n                                <\/div>\n                            \n                            <div class=\"col-md-6 order-2\">\n                                <div class=\"elementskit-post-body \">\n                                    <div class=\"elementskit-entry-header\">\n                                        \n                                                                                            \t\t\t\t\t                                            \n                                            \n                                                                                            \t\t\t\t<h2 class=\"entry-title\">\n\t\t\t\t\t<a href=\"https:\/\/cvmarj.org.br\/site\/index.php\/2022\/05\/04\/lembranca-08\/\">\n\t\t\t\t\t\tLembran\u00e7a 08\t\t\t\t\t<\/a>\n\t\t\t\t<\/h2>\n\t\t\t                                                                                <\/div><!-- .elementskit-entry-header END -->\n\n                                                                            <div class=\"elementskit-post-footer\">\n                                                                                            <p>Op\u00e7\u00f5es Democr\u00e1ticasPor Iber\u00ea Mariano da Silva. Quando no CMRJ, Ainda e a Patota da Tijuca. Tenho sempre o h\u00e1bito de formar minhas convic\u00e7\u00f5es raciocinando com&hellip;<\/p>\n                                                                                                                                <\/div><!-- .elementskit-post-footer END -->\n                                                                    <\/div><!-- .elementskit-post-body END -->\n                            <\/div>\n                        <\/div>\n                    <\/div><!-- .elementskit-blog-block-post .radius .gradient-bg END -->\n                \n            <\/div>\n                    <div class=\"col-md-12\">\n\n                                    <div class=\"elementskit-blog-block-post\">\n                        <div class=\"row no-gutters\">\n                                                            <div class=\"col-md-6 order-1\">\n                                    <a href=\"https:\/\/cvmarj.org.br\/site\/index.php\/2022\/04\/27\/lembranca-07\/\" class=\"elementskit-entry-thumb\">\n                                        <img decoding=\"async\" src=\"https:\/\/cvmarj.org.br\/site\/wp-content\/uploads\/2022\/03\/64dff1e5-dc04-4a6f-b8a0-2a52aa6edfc3.jpg\" alt=\"Lembran\u00e7a 07\">\n                                    <\/a><!-- .elementskit-entry-thumb END -->\n                                <\/div>\n                            \n                            <div class=\"col-md-6 order-2\">\n                                <div class=\"elementskit-post-body \">\n                                    <div class=\"elementskit-entry-header\">\n                                        \n                                                                                            \t\t\t\t\t                                            \n                                            \n                                                                                            \t\t\t\t<h2 class=\"entry-title\">\n\t\t\t\t\t<a href=\"https:\/\/cvmarj.org.br\/site\/index.php\/2022\/04\/27\/lembranca-07\/\">\n\t\t\t\t\t\tLembran\u00e7a 07\t\t\t\t\t<\/a>\n\t\t\t\t<\/h2>\n\t\t\t                                                                                <\/div><!-- .elementskit-entry-header END -->\n\n                                                                            <div class=\"elementskit-post-footer\">\n                                                                                            <p>Meu Primeiro Comando de Fato!&nbsp;Por Iber\u00ea Mariano da Silva&nbsp;Era um bel\u00edssimo dia de sol.Pregui\u00e7osamente, abria os olhos e me emocionava com os raios f\u00falgidos que&hellip;<\/p>\n                                                                                                                                <\/div><!-- .elementskit-post-footer END -->\n                                                                    <\/div><!-- .elementskit-post-body END -->\n                            <\/div>\n                        <\/div>\n                    <\/div><!-- .elementskit-blog-block-post .radius .gradient-bg END -->\n                \n            <\/div>\n                    <div class=\"col-md-12\">\n\n                                    <div class=\"elementskit-blog-block-post\">\n                        <div class=\"row no-gutters\">\n                                                            <div class=\"col-md-6 order-1\">\n                                    <a href=\"https:\/\/cvmarj.org.br\/site\/index.php\/2022\/04\/20\/lembranca-06\/\" class=\"elementskit-entry-thumb\">\n                                        <img decoding=\"async\" src=\"https:\/\/cvmarj.org.br\/site\/wp-content\/uploads\/2022\/03\/64dff1e5-dc04-4a6f-b8a0-2a52aa6edfc3.jpg\" alt=\"Lembran\u00e7a 06\">\n                                    <\/a><!-- .elementskit-entry-thumb END -->\n                                <\/div>\n                            \n                            <div class=\"col-md-6 order-2\">\n                                <div class=\"elementskit-post-body \">\n                                    <div class=\"elementskit-entry-header\">\n                                        \n                                                                                            \t\t\t\t\t                                            \n                                            \n                                                                                            \t\t\t\t<h2 class=\"entry-title\">\n\t\t\t\t\t<a href=\"https:\/\/cvmarj.org.br\/site\/index.php\/2022\/04\/20\/lembranca-06\/\">\n\t\t\t\t\t\tLembran\u00e7a 06\t\t\t\t\t<\/a>\n\t\t\t\t<\/h2>\n\t\t\t                                                                                <\/div><!-- .elementskit-entry-header END -->\n\n                                                                            <div class=\"elementskit-post-footer\">\n                                                                                            <p>Uma miss\u00e3o Inusitada, por Iber\u00ea Mariano da Silva&nbsp;Corria o ano de 1980. Eu estava na bica para ser promovido a Major e servia, na \u00e9poca,&hellip;<\/p>\n                                                                                                                                <\/div><!-- .elementskit-post-footer END -->\n                                                                    <\/div><!-- .elementskit-post-body END -->\n                            <\/div>\n                        <\/div>\n                    <\/div><!-- .elementskit-blog-block-post .radius .gradient-bg END -->\n                \n            <\/div>\n                    <div class=\"col-md-12\">\n\n                                    <div class=\"elementskit-blog-block-post\">\n                        <div class=\"row no-gutters\">\n                                                            <div class=\"col-md-6 order-1\">\n                                    <a href=\"https:\/\/cvmarj.org.br\/site\/index.php\/2022\/04\/13\/lembranca-05\/\" class=\"elementskit-entry-thumb\">\n                                        <img decoding=\"async\" src=\"https:\/\/cvmarj.org.br\/site\/wp-content\/uploads\/2022\/03\/64dff1e5-dc04-4a6f-b8a0-2a52aa6edfc3.jpg\" alt=\"Lembran\u00e7a 05\">\n                                    <\/a><!-- .elementskit-entry-thumb END -->\n                                <\/div>\n                            \n                            <div class=\"col-md-6 order-2\">\n                                <div class=\"elementskit-post-body \">\n                                    <div class=\"elementskit-entry-header\">\n                                        \n                                                                                            \t\t\t\t\t                                            \n                                            \n                                                                                            \t\t\t\t<h2 class=\"entry-title\">\n\t\t\t\t\t<a href=\"https:\/\/cvmarj.org.br\/site\/index.php\/2022\/04\/13\/lembranca-05\/\">\n\t\t\t\t\t\tLembran\u00e7a 05\t\t\t\t\t<\/a>\n\t\t\t\t<\/h2>\n\t\t\t                                                                                <\/div><!-- .elementskit-entry-header END -->\n\n                                                                            <div class=\"elementskit-post-footer\">\n                                                                                            <p>Miss\u00e3o na Fran\u00e7a!&nbsp;Em 1982 fui designado para fazer um curso de p\u00f3s gradua\u00e7\u00e3o na Fran\u00e7a.&nbsp; Era para fazer um curso na \u00e1rea nuclear. Em l\u00e1&hellip;<\/p>\n                                                                                                                                <\/div><!-- .elementskit-post-footer END -->\n                                                                    <\/div><!-- .elementskit-post-body END -->\n                            <\/div>\n                        <\/div>\n                    <\/div><!-- .elementskit-blog-block-post .radius .gradient-bg END -->\n                \n            <\/div>\n                    <div class=\"col-md-12\">\n\n                                    <div class=\"elementskit-blog-block-post\">\n                        <div class=\"row no-gutters\">\n                                                            <div class=\"col-md-6 order-1\">\n                                    <a href=\"https:\/\/cvmarj.org.br\/site\/index.php\/2022\/04\/06\/lembranca-04\/\" class=\"elementskit-entry-thumb\">\n                                        <img decoding=\"async\" src=\"https:\/\/cvmarj.org.br\/site\/wp-content\/uploads\/2022\/03\/64dff1e5-dc04-4a6f-b8a0-2a52aa6edfc3.jpg\" alt=\"Lembran\u00e7a 04\">\n                                    <\/a><!-- .elementskit-entry-thumb END -->\n                                <\/div>\n                            \n                            <div class=\"col-md-6 order-2\">\n                                <div class=\"elementskit-post-body \">\n                                    <div class=\"elementskit-entry-header\">\n                                        \n                                                                                            \t\t\t\t\t                                            \n                                            \n                                                                                            \t\t\t\t<h2 class=\"entry-title\">\n\t\t\t\t\t<a href=\"https:\/\/cvmarj.org.br\/site\/index.php\/2022\/04\/06\/lembranca-04\/\">\n\t\t\t\t\t\tLembran\u00e7a 04\t\t\t\t\t<\/a>\n\t\t\t\t<\/h2>\n\t\t\t                                                                                <\/div><!-- .elementskit-entry-header END -->\n\n                                                                            <div class=\"elementskit-post-footer\">\n                                                                                            <p>Corria o ano de 1969. Eu era 2\u00b0 Ten, e servia na 12^ Cia MB, rec\u00e9m criada em Manaus. Em Cucui, comandava o Pelot\u00e3o, um&hellip;<\/p>\n                                                                                                                                <\/div><!-- .elementskit-post-footer END -->\n                                                                    <\/div><!-- .elementskit-post-body END -->\n                            <\/div>\n                        <\/div>\n                    <\/div><!-- .elementskit-blog-block-post .radius .gradient-bg END -->\n                \n            <\/div>\n                    <div class=\"col-md-12\">\n\n                                    <div class=\"elementskit-blog-block-post\">\n                        <div class=\"row no-gutters\">\n                                                            <div class=\"col-md-6 order-1\">\n                                    <a href=\"https:\/\/cvmarj.org.br\/site\/index.php\/2022\/03\/30\/2967\/\" class=\"elementskit-entry-thumb\">\n                                        <img decoding=\"async\" src=\"https:\/\/cvmarj.org.br\/site\/wp-content\/uploads\/2022\/03\/64dff1e5-dc04-4a6f-b8a0-2a52aa6edfc3.jpg\" alt=\"Lembran\u00e7a 03\">\n                                    <\/a><!-- .elementskit-entry-thumb END -->\n                                <\/div>\n                            \n                            <div class=\"col-md-6 order-2\">\n                                <div class=\"elementskit-post-body \">\n                                    <div class=\"elementskit-entry-header\">\n                                        \n                                                                                            \t\t\t\t\t                                            \n                                            \n                                                                                            \t\t\t\t<h2 class=\"entry-title\">\n\t\t\t\t\t<a href=\"https:\/\/cvmarj.org.br\/site\/index.php\/2022\/03\/30\/2967\/\">\n\t\t\t\t\t\tLembran\u00e7a 03\t\t\t\t\t<\/a>\n\t\t\t\t<\/h2>\n\t\t\t                                                                                <\/div><!-- .elementskit-entry-header END -->\n\n                                                                            <div class=\"elementskit-post-footer\">\n                                                                                            <p>Voc\u00eas se interessam em experi\u00eancias bizarras? Ent\u00e3o, vou tentar lhes passar uma com outros fatos a entrela\u00e7ando, caso contr\u00e1rio delete.&nbsp; Tudo come\u00e7a na segunda Guerra&hellip;<\/p>\n                                                                                                                                <\/div><!-- .elementskit-post-footer END -->\n                                                                    <\/div><!-- .elementskit-post-body END -->\n                            <\/div>\n                        <\/div>\n                    <\/div><!-- .elementskit-blog-block-post .radius .gradient-bg END -->\n                \n            <\/div>\n                    <div class=\"col-md-12\">\n\n                                    <div class=\"elementskit-blog-block-post\">\n                        <div class=\"row no-gutters\">\n                                                            <div class=\"col-md-6 order-1\">\n                                    <a href=\"https:\/\/cvmarj.org.br\/site\/index.php\/2022\/03\/22\/lembranca-02\/\" class=\"elementskit-entry-thumb\">\n                                        <img decoding=\"async\" src=\"https:\/\/cvmarj.org.br\/site\/wp-content\/uploads\/2022\/03\/64dff1e5-dc04-4a6f-b8a0-2a52aa6edfc3.jpg\" alt=\"Lembran\u00e7a 02\">\n                                    <\/a><!-- .elementskit-entry-thumb END -->\n                                <\/div>\n                            \n                            <div class=\"col-md-6 order-2\">\n                                <div class=\"elementskit-post-body \">\n                                    <div class=\"elementskit-entry-header\">\n                                        \n                                                                                            \t\t\t\t\t                                            \n                                            \n                                                                                            \t\t\t\t<h2 class=\"entry-title\">\n\t\t\t\t\t<a href=\"https:\/\/cvmarj.org.br\/site\/index.php\/2022\/03\/22\/lembranca-02\/\">\n\t\t\t\t\t\tLembran\u00e7a 02\t\t\t\t\t<\/a>\n\t\t\t\t<\/h2>\n\t\t\t                                                                                <\/div><!-- .elementskit-entry-header END -->\n\n                                                                            <div class=\"elementskit-post-footer\">\n                                                                                            <p>Em 1971, eu j\u00e1 tinha feito o curso de Guerra na S elva, GS563, e no 7 de setembro desfilava como porta bandeira da 12&hellip;<\/p>\n                                                                                                                                <\/div><!-- .elementskit-post-footer END -->\n                                                                    <\/div><!-- .elementskit-post-body END -->\n                            <\/div>\n                        <\/div>\n                    <\/div><!-- .elementskit-blog-block-post .radius .gradient-bg END -->\n                \n            <\/div>\n                    <div class=\"col-md-12\">\n\n                                    <div class=\"elementskit-blog-block-post\">\n                        <div class=\"row no-gutters\">\n                                                            <div class=\"col-md-6 order-1\">\n                                    <a href=\"https:\/\/cvmarj.org.br\/site\/index.php\/2022\/03\/19\/lembranca-01\/\" class=\"elementskit-entry-thumb\">\n                                        <img decoding=\"async\" src=\"https:\/\/cvmarj.org.br\/site\/wp-content\/uploads\/2022\/03\/64dff1e5-dc04-4a6f-b8a0-2a52aa6edfc3.jpg\" alt=\"Lembran\u00e7a 01\">\n                                    <\/a><!-- .elementskit-entry-thumb END -->\n                                <\/div>\n                            \n                            <div class=\"col-md-6 order-2\">\n                                <div class=\"elementskit-post-body \">\n                                    <div class=\"elementskit-entry-header\">\n                                        \n                                                                                            \t\t\t\t\t                                            \n                                            \n                                                                                            \t\t\t\t<h2 class=\"entry-title\">\n\t\t\t\t\t<a href=\"https:\/\/cvmarj.org.br\/site\/index.php\/2022\/03\/19\/lembranca-01\/\">\n\t\t\t\t\t\tLembran\u00e7a 01\t\t\t\t\t<\/a>\n\t\t\t\t<\/h2>\n\t\t\t                                                                                <\/div><!-- .elementskit-entry-header END -->\n\n                                                                            <div class=\"elementskit-post-footer\">\n                                                                                            <p>Srs. Vou- lhes repassar mais um fato da minha vida na caserna. Comandava o Parque 1, para quem n\u00e3o sabe, eu tinha diversos Chefes. Meu&hellip;<\/p>\n                                                                                                                                <\/div><!-- .elementskit-post-footer END -->\n                                                                    <\/div><!-- .elementskit-post-body END -->\n                            <\/div>\n                        <\/div>\n                    <\/div><!-- .elementskit-blog-block-post .radius .gradient-bg END -->\n                \n            <\/div>\n                <\/div>\n       <\/div>\t\t\t\t<\/div>\n\t\t\t\t<\/div>\n\t\t\t\t\t<\/div>\n\t\t<\/div>\n\t\t\t\t\t<\/div>\n\t\t<\/section>\n\t\t\t\t<\/div>\n\t\t","protected":false},"excerpt":{"rendered":"<p>Registros do Gen. Bda. Eng. Mil.Veterano Iber\u00ea Mariano da Silva, durante sua vida na Ativa do Ex\u00e9rcito Brasileiro. Lembran\u00e7a 24 Minhas Lembran\u00e7as e Participa\u00e7\u00f5es na \u00c1rea de M\u00edsseis e Foguetes (parte4)Por Iber\u00ea Mariano da Silva. Em princ\u00edpio eu n\u00e3o queria ir para a Fran\u00e7a devido&hellip; Lembran\u00e7a 23 Minhas Lembran\u00e7as e Participa\u00e7\u00f5es na \u00c1rea de M\u00edsseis&hellip;&nbsp;<a href=\"https:\/\/cvmarj.org.br\/site\/index.php\/2022\/03\/19\/lembranca-01\/\" class=\"\" rel=\"bookmark\">Ler mais &raquo;<span class=\"screen-reader-text\">Lembran\u00e7a 01<\/span><\/a><\/p>\n","protected":false},"author":1,"featured_media":0,"parent":0,"menu_order":0,"comment_status":"closed","ping_status":"closed","template":"elementor_header_footer","meta":{"neve_meta_sidebar":"full-width","neve_meta_container":"","neve_meta_enable_content_width":"on","neve_meta_content_width":100,"neve_meta_title_alignment":"","neve_meta_author_avatar":"","neve_post_elements_order":"","neve_meta_disable_header":"","neve_meta_disable_footer":"","neve_meta_disable_title":"","footnotes":""},"_links":{"self":[{"href":"https:\/\/cvmarj.org.br\/site\/index.php\/wp-json\/wp\/v2\/pages\/2874"}],"collection":[{"href":"https:\/\/cvmarj.org.br\/site\/index.php\/wp-json\/wp\/v2\/pages"}],"about":[{"href":"https:\/\/cvmarj.org.br\/site\/index.php\/wp-json\/wp\/v2\/types\/page"}],"author":[{"embeddable":true,"href":"https:\/\/cvmarj.org.br\/site\/index.php\/wp-json\/wp\/v2\/users\/1"}],"replies":[{"embeddable":true,"href":"https:\/\/cvmarj.org.br\/site\/index.php\/wp-json\/wp\/v2\/comments?post=2874"}],"version-history":[{"count":20,"href":"https:\/\/cvmarj.org.br\/site\/index.php\/wp-json\/wp\/v2\/pages\/2874\/revisions"}],"predecessor-version":[{"id":4338,"href":"https:\/\/cvmarj.org.br\/site\/index.php\/wp-json\/wp\/v2\/pages\/2874\/revisions\/4338"}],"wp:attachment":[{"href":"https:\/\/cvmarj.org.br\/site\/index.php\/wp-json\/wp\/v2\/media?parent=2874"}],"curies":[{"name":"wp","href":"https:\/\/api.w.org\/{rel}","templated":true}]}}